{"id":5563,"date":"2017-07-19T15:45:54","date_gmt":"2017-07-19T13:45:54","guid":{"rendered":"http:\/\/www.nyalahotel.com\/offres-speciales-pour-vos-vacances\/vacances-et-festivites\/le-mois-daout-a-san-remo\/"},"modified":"2018-12-27T18:54:48","modified_gmt":"2018-12-27T17:54:48","slug":"le-mois-daout-a-san-remo","status":"publish","type":"page","link":"https:\/\/nyala.info\/fr\/offres-speciales-pour-vos-vacances\/vacances-et-festivites\/le-mois-daout-a-san-remo\/","title":{"rendered":"Le mois d&#8217;Ao\u00fbt \u00e0 San Remo"},"content":{"rendered":"<h2 style=\"text-align: center;\">Le mois d&#8217;Ao\u00fbt \u00e0 San Remo avec des jours de d\u00e9tente compl\u00e8te \u00e0 c\u00f4t\u00e9 de la piscine<br \/>\net des nuits de f\u00eate sur vos vacances en bord de mer en Ligurie<\/h2>\n<p style=\"text-align: center;\">Si vous d\u00e9sirez passez les <strong> vacances d&#8217;ao\u00fbt ou Ferragosto (long week-end de la mi-ao\u00fbt) <\/strong>\u00a0qui allient la d\u00e9tente et plaisir, en choisissant notre h\u00f4tel, vous serez en mesure de vous pr\u00e9lasser \u00e0 la piscine en sirotant une boisson et d\u00e9jeuner au Dalak grill, tandis que vos enfants jouent en toute s\u00e9curit\u00e9 dans le parc adjacent.<br \/>\nAlternativement, vous pouvez passer des journ\u00e9es de formidable d\u00e9couverte le long de la c\u00f4te de la Riviera dei Fiori et de la C\u00f4te d&#8217;Azur ou dans le captivant territoire int\u00e9rieur de la Ligurian Riviera.<\/p>\n<ul class=\"tabs\">\n<li class=\"tab-link current\" data-tab=\"tab-1\">Book<\/li>\n<li class=\"tab-link\" data-tab=\"tab-2\">Our offer includes<\/li>\n<li class=\"tab-link\" data-tab=\"tab-3\">Politique de R\u00e9servation<\/li>\n<\/ul>\n<div id=\"tab-1\" class=\"tab-content current\">\n<p>Notre programme <b>Les Nuits d&#8217;\u00c9t\u00e9<\/b> illuminera vos soir\u00e9es d&#8217;\u00e9t\u00e9 avec de la musique et des d\u00e9lices gastronomiques sur la terrasse panoramique de l&#8217;h\u00f4tel et dans le restaurant, ainsi qu&#8217;au bord de la piscine avec ses services de bar aux chandelles. Notre soir\u00e9e <b>mini-club service<\/b> avec l&#8217;assistance pour les plus petits, vous permettra de d\u00eener en paix, tous les jours de juillet et ao\u00fbt \u00e0 partir de 17hrs 00 jusqu&#8217;\u00e0 21hrs 00.<\/p>\n<p>Le divertissement que nous offrons est toujours mod\u00e9r\u00e9 et jamais envahissant, tout en \u00e9tant loin du stress des villages touristiques.<\/p>\n<p style=\"text-align: center;\"><a class=\"maxbutton-3 maxbutton maxbutton-reserver\" target=\"_blank\" rel=\"noopener\" href=\"http:\/\/www.nyalahotel.com\/fr\/reserver\/\"><span class='mb-text'>Reserver<\/span><\/a><\/p>\n<\/div>\n<div id=\"tab-2\" class=\"tab-content\">\n<p>L&#8217;offre comprend<\/p>\n<ul>\n<li><b>La formule 14 x12 <\/b>= Dormez 14 nuits et payer pour 12<\/li>\n<li>chambres en <b>demi-pension<\/b> un menu du jour, boissons non comprises, avec un choix entre\n<ul>\n<li>un service buffet avec antipasti, le choix du plat d&#8217;entr\u00e9e, choix du second plat, un service de table traditionnelle salade et desserts<\/li>\n<li>selon le menu de la Petite Carte utilis\u00e9e<\/li>\n<\/ul>\n<\/li>\n<li>\u00e9quip\u00e9e de chaises longues et parasols, selon la disponibilit\u00e9.<\/li>\n<li>Programme de divertissement <b>Les Nuits d&#8217;Et\u00e9<\/b> convenable pour tous les \u00e2ges.<\/li>\n<\/ul>\n<p>L&#8217;offre comprend :<\/p>\n<ul>\n<li>Accueil VIP : une bouteille de Spumante vous attend dans votre chambre \u00e0 votre arriv\u00e9e.<\/li>\n<li>Parking priv\u00e9, selon la disponibilit\u00e9.<\/li>\n<li>Un bon qui peut \u00eatre converti en fiches pour tenter votre chance au Casino de San R\u00e9mo.<\/li>\n<\/ul>\n<p>Plan Familial :<\/p>\n<ul>\n<li>Un kit b\u00e9b\u00e9 (lit, table \u00e0 langer, bain de b\u00e9b\u00e9 etc.) gratuitement \u00e0 votre disposition (sur r\u00e9servation \u00e0 l\u2019avance).<\/li>\n<li>Le premier enfant \u00e2g\u00e9 de moins de 13 ans dort gratuitement, lorsqu\u2019il partage la m\u00eame chambre que ses parents<\/li>\n<li>Jusqu&#8217;\u00e0 2 enfants, \u00e2g\u00e9s de moins de 18 ans, ne paient que 50%, lorsqu&#8217;ils partagent la m\u00eame chambre que leurs parents.<\/li>\n<\/ul>\n<ul>\n<li>Aire de jeux pour enfants disponible toute la journ\u00e9e<\/li>\n<li>Une Kitchenette pour la pr\u00e9paration des repas disponible 24h \/ 24<\/li>\n<li>Mini-club avec une assistance de 17hr.00 pm \u00e0 21hr.00, en juillet et en Ao\u00fbt<\/li>\n<\/ul>\n<\/div>\n<div id=\"tab-3\" class=\"tab-content\">\n<p>LA POLITIQUE DE R\u00c9SERVATION<\/p>\n<ul>\n<li>S\u00e9jour Minimum requis : 3 nuits.<\/li>\n<li>S\u00e9jour maximum disponible : tout.<\/li>\n<li>Cette offre est disponible uniquement via la r\u00e9servation en ligne, pour un nombre limit\u00e9 de place.<\/li>\n<li>Tous les rabais offerts sont calcul\u00e9s automatiquement par notre moteur de r\u00e9servation.<\/li>\n<li>L&#8217;offre peut \u00eatre modifi\u00e9e au cours de l&#8217;ann\u00e9e sans notification pr\u00e9alable.<\/li>\n<li>Dans tous les cas, les tarifs offerts par le moteur de r\u00e9servation seront appliqu\u00e9s.<\/li>\n<li>Caution : 25% (min. 1 nuit).<\/li>\n<li>Annulation gratuite jusqu&#8217;\u00e0 7 jours avant l&#8217;arriv\u00e9e.<\/li>\n<li>P\u00e9nalit\u00e9 pour annulation en dehors de ces limites, non-pr\u00e9sentation ou de d\u00e9part avant la date de r\u00e9servation : 100%.<\/li>\n<\/ul>\n<\/div>\n<p><!-- container --><br \/>\n<script type=\"text\/javascript\">\n\tjQuery(document).ready(function(){\t\n\tjQuery('ul.tabs li').click(function(){\n\t\tvar tab_id = jQuery(this).attr('data-tab');\n\t\tjQuery('ul.tabs li').removeClass('current');\n\t\tjQuery('.tab-content').removeClass('current');\n\t\tjQuery(this).addClass('current');\n\t\tjQuery(\"#\"+tab_id).addClass('current');\n\t})\n})\n<\/script><\/p>\n","protected":false},"excerpt":{"rendered":"<p>Le mois d&#8217;Ao\u00fbt \u00e0 San Remo avec des jours de d\u00e9tente compl\u00e8te \u00e0 c\u00f4t\u00e9 de la piscine et des nuits de f\u00eate sur vos vacances en bord de mer en Ligurie Si vous d\u00e9sirez passez les vacances d&#8217;ao\u00fbt ou Ferragosto (long week-end de la mi-ao\u00fbt) \u00a0qui allient la d\u00e9tente et plaisir, en choisissant notre h\u00f4tel, [&hellip;]<\/p>\n","protected":false},"author":3,"featured_media":2765,"parent":4841,"menu_order":0,"comment_status":"closed","ping_status":"closed","template":"","meta":{"_acf_changed":false,"footnotes":""},"class_list":["post-5563","page","type-page","status-publish","has-post-thumbnail","hentry"],"acf":[],"yoast_head":"<!-- This site is optimized with the Yoast SEO plugin v25.6 - https:\/\/yoast.com\/wordpress\/plugins\/seo\/ -->\n<title>Le mois d&#039;Ao\u00fbt \u00e0 San Remo | Nyala Suite Hotel Hotel 4 \u00e9toiles \u00e0 San Remo<\/title>\n<meta name=\"robots\" content=\"noindex, follow, max-snippet:-1, max-image-preview:large, max-video-preview:-1\" \/>\n<meta property=\"og:locale\" content=\"fr_FR\" \/>\n<meta property=\"og:type\" content=\"article\" \/>\n<meta property=\"og:title\" content=\"Le mois d&#039;Ao\u00fbt \u00e0 San Remo | Nyala Suite Hotel Hotel 4 \u00e9toiles \u00e0 San Remo\" \/>\n<meta property=\"og:description\" content=\"Le mois d&#8217;Ao\u00fbt \u00e0 San Remo avec des jours de d\u00e9tente compl\u00e8te \u00e0 c\u00f4t\u00e9 de la piscine et des nuits de f\u00eate sur vos vacances en bord de mer en Ligurie Si vous d\u00e9sirez passez les vacances d&#8217;ao\u00fbt ou Ferragosto (long week-end de la mi-ao\u00fbt) \u00a0qui allient la d\u00e9tente et plaisir, en choisissant notre h\u00f4tel, [&hellip;]\" \/>\n<meta property=\"og:url\" content=\"https:\/\/nyala.info\/fr\/offres-speciales-pour-vos-vacances\/vacances-et-festivites\/le-mois-daout-a-san-remo\/\" \/>\n<meta property=\"og:site_name\" content=\"Nyala Suite Hotel\" \/>\n<meta property=\"article:modified_time\" content=\"2018-12-27T17:54:48+00:00\" \/>\n<meta property=\"og:image\" content=\"https:\/\/nyala.info\/wp-content\/uploads\/2015\/04\/Nyala_Pool-1024x683-1.jpg\" \/>\n\t<meta property=\"og:image:width\" content=\"500\" \/>\n\t<meta property=\"og:image:height\" content=\"350\" \/>\n\t<meta property=\"og:image:type\" content=\"image\/jpeg\" \/>\n<meta name=\"twitter:card\" content=\"summary_large_image\" \/>\n<meta name=\"twitter:label1\" content=\"Est. reading time\" \/>\n\t<meta name=\"twitter:data1\" content=\"3 minutes\" \/>\n<script type=\"application\/ld+json\" class=\"yoast-schema-graph\">{\"@context\":\"https:\/\/schema.org\",\"@graph\":[{\"@type\":\"WebPage\",\"@id\":\"https:\/\/nyala.info\/fr\/offres-speciales-pour-vos-vacances\/vacances-et-festivites\/le-mois-daout-a-san-remo\/\",\"url\":\"https:\/\/nyala.info\/fr\/offres-speciales-pour-vos-vacances\/vacances-et-festivites\/le-mois-daout-a-san-remo\/\",\"name\":\"Le mois d'Ao\u00fbt \u00e0 San Remo | Nyala Suite Hotel Hotel 4 \u00e9toiles \u00e0 San Remo\",\"isPartOf\":{\"@id\":\"https:\/\/nyala.info\/fr\/#website\"},\"primaryImageOfPage\":{\"@id\":\"https:\/\/nyala.info\/fr\/offres-speciales-pour-vos-vacances\/vacances-et-festivites\/le-mois-daout-a-san-remo\/#primaryimage\"},\"image\":{\"@id\":\"https:\/\/nyala.info\/fr\/offres-speciales-pour-vos-vacances\/vacances-et-festivites\/le-mois-daout-a-san-remo\/#primaryimage\"},\"thumbnailUrl\":\"https:\/\/nyala.info\/wp-content\/uploads\/2015\/04\/Nyala_Pool-1024x683-1.jpg\",\"datePublished\":\"2017-07-19T13:45:54+00:00\",\"dateModified\":\"2018-12-27T17:54:48+00:00\",\"breadcrumb\":{\"@id\":\"https:\/\/nyala.info\/fr\/offres-speciales-pour-vos-vacances\/vacances-et-festivites\/le-mois-daout-a-san-remo\/#breadcrumb\"},\"inLanguage\":\"fr-FR\",\"potentialAction\":[{\"@type\":\"ReadAction\",\"target\":[\"https:\/\/nyala.info\/fr\/offres-speciales-pour-vos-vacances\/vacances-et-festivites\/le-mois-daout-a-san-remo\/\"]}]},{\"@type\":\"ImageObject\",\"inLanguage\":\"fr-FR\",\"@id\":\"https:\/\/nyala.info\/fr\/offres-speciales-pour-vos-vacances\/vacances-et-festivites\/le-mois-daout-a-san-remo\/#primaryimage\",\"url\":\"https:\/\/nyala.info\/wp-content\/uploads\/2015\/04\/Nyala_Pool-1024x683-1.jpg\",\"contentUrl\":\"https:\/\/nyala.info\/wp-content\/uploads\/2015\/04\/Nyala_Pool-1024x683-1.jpg\",\"width\":500,\"height\":350},{\"@type\":\"BreadcrumbList\",\"@id\":\"https:\/\/nyala.info\/fr\/offres-speciales-pour-vos-vacances\/vacances-et-festivites\/le-mois-daout-a-san-remo\/#breadcrumb\",\"itemListElement\":[{\"@type\":\"ListItem\",\"position\":1,\"name\":\"Home\",\"item\":\"https:\/\/nyala.info\/fr\/\"},{\"@type\":\"ListItem\",\"position\":2,\"name\":\"Offres sp\u00e9ciales pour vos vacances\",\"item\":\"https:\/\/nyala.info\/fr\/offres-speciales-pour-vos-vacances\/\"},{\"@type\":\"ListItem\",\"position\":3,\"name\":\"Vacances et festivit\u00e9s 2018\",\"item\":\"https:\/\/nyala.info\/fr\/offres-speciales-pour-vos-vacances\/vacances-et-festivites\/\"},{\"@type\":\"ListItem\",\"position\":4,\"name\":\"Le mois d&#8217;Ao\u00fbt \u00e0 San Remo\"}]},{\"@type\":\"WebSite\",\"@id\":\"https:\/\/nyala.info\/fr\/#website\",\"url\":\"https:\/\/nyala.info\/fr\/\",\"name\":\"Nyala Suite Hotel\",\"description\":\"Hotel 4 \u00e9toiles \u00e0 San Remo\",\"potentialAction\":[{\"@type\":\"SearchAction\",\"target\":{\"@type\":\"EntryPoint\",\"urlTemplate\":\"https:\/\/nyala.info\/fr\/?s={search_term_string}\"},\"query-input\":{\"@type\":\"PropertyValueSpecification\",\"valueRequired\":true,\"valueName\":\"search_term_string\"}}],\"inLanguage\":\"fr-FR\"}]}<\/script>\n<!-- \/ Yoast SEO plugin. -->","yoast_head_json":{"title":"Le mois d'Ao\u00fbt \u00e0 San Remo | Nyala Suite Hotel Hotel 4 \u00e9toiles \u00e0 San Remo","robots":{"index":"noindex","follow":"follow","max-snippet":"max-snippet:-1","max-image-preview":"max-image-preview:large","max-video-preview":"max-video-preview:-1"},"og_locale":"fr_FR","og_type":"article","og_title":"Le mois d'Ao\u00fbt \u00e0 San Remo | Nyala Suite Hotel Hotel 4 \u00e9toiles \u00e0 San Remo","og_description":"Le mois d&#8217;Ao\u00fbt \u00e0 San Remo avec des jours de d\u00e9tente compl\u00e8te \u00e0 c\u00f4t\u00e9 de la piscine et des nuits de f\u00eate sur vos vacances en bord de mer en Ligurie Si vous d\u00e9sirez passez les vacances d&#8217;ao\u00fbt ou Ferragosto (long week-end de la mi-ao\u00fbt) \u00a0qui allient la d\u00e9tente et plaisir, en choisissant notre h\u00f4tel, [&hellip;]","og_url":"https:\/\/nyala.info\/fr\/offres-speciales-pour-vos-vacances\/vacances-et-festivites\/le-mois-daout-a-san-remo\/","og_site_name":"Nyala Suite Hotel","article_modified_time":"2018-12-27T17:54:48+00:00","og_image":[{"width":500,"height":350,"url":"https:\/\/nyala.info\/wp-content\/uploads\/2015\/04\/Nyala_Pool-1024x683-1.jpg","type":"image\/jpeg"}],"twitter_card":"summary_large_image","twitter_misc":{"Est. reading time":"3 minutes"},"schema":{"@context":"https:\/\/schema.org","@graph":[{"@type":"WebPage","@id":"https:\/\/nyala.info\/fr\/offres-speciales-pour-vos-vacances\/vacances-et-festivites\/le-mois-daout-a-san-remo\/","url":"https:\/\/nyala.info\/fr\/offres-speciales-pour-vos-vacances\/vacances-et-festivites\/le-mois-daout-a-san-remo\/","name":"Le mois d'Ao\u00fbt \u00e0 San Remo | Nyala Suite Hotel Hotel 4 \u00e9toiles \u00e0 San Remo","isPartOf":{"@id":"https:\/\/nyala.info\/fr\/#website"},"primaryImageOfPage":{"@id":"https:\/\/nyala.info\/fr\/offres-speciales-pour-vos-vacances\/vacances-et-festivites\/le-mois-daout-a-san-remo\/#primaryimage"},"image":{"@id":"https:\/\/nyala.info\/fr\/offres-speciales-pour-vos-vacances\/vacances-et-festivites\/le-mois-daout-a-san-remo\/#primaryimage"},"thumbnailUrl":"https:\/\/nyala.info\/wp-content\/uploads\/2015\/04\/Nyala_Pool-1024x683-1.jpg","datePublished":"2017-07-19T13:45:54+00:00","dateModified":"2018-12-27T17:54:48+00:00","breadcrumb":{"@id":"https:\/\/nyala.info\/fr\/offres-speciales-pour-vos-vacances\/vacances-et-festivites\/le-mois-daout-a-san-remo\/#breadcrumb"},"inLanguage":"fr-FR","potentialAction":[{"@type":"ReadAction","target":["https:\/\/nyala.info\/fr\/offres-speciales-pour-vos-vacances\/vacances-et-festivites\/le-mois-daout-a-san-remo\/"]}]},{"@type":"ImageObject","inLanguage":"fr-FR","@id":"https:\/\/nyala.info\/fr\/offres-speciales-pour-vos-vacances\/vacances-et-festivites\/le-mois-daout-a-san-remo\/#primaryimage","url":"https:\/\/nyala.info\/wp-content\/uploads\/2015\/04\/Nyala_Pool-1024x683-1.jpg","contentUrl":"https:\/\/nyala.info\/wp-content\/uploads\/2015\/04\/Nyala_Pool-1024x683-1.jpg","width":500,"height":350},{"@type":"BreadcrumbList","@id":"https:\/\/nyala.info\/fr\/offres-speciales-pour-vos-vacances\/vacances-et-festivites\/le-mois-daout-a-san-remo\/#breadcrumb","itemListElement":[{"@type":"ListItem","position":1,"name":"Home","item":"https:\/\/nyala.info\/fr\/"},{"@type":"ListItem","position":2,"name":"Offres sp\u00e9ciales pour vos vacances","item":"https:\/\/nyala.info\/fr\/offres-speciales-pour-vos-vacances\/"},{"@type":"ListItem","position":3,"name":"Vacances et festivit\u00e9s 2018","item":"https:\/\/nyala.info\/fr\/offres-speciales-pour-vos-vacances\/vacances-et-festivites\/"},{"@type":"ListItem","position":4,"name":"Le mois d&#8217;Ao\u00fbt \u00e0 San Remo"}]},{"@type":"WebSite","@id":"https:\/\/nyala.info\/fr\/#website","url":"https:\/\/nyala.info\/fr\/","name":"Nyala Suite Hotel","description":"Hotel 4 \u00e9toiles \u00e0 San Remo","potentialAction":[{"@type":"SearchAction","target":{"@type":"EntryPoint","urlTemplate":"https:\/\/nyala.info\/fr\/?s={search_term_string}"},"query-input":{"@type":"PropertyValueSpecification","valueRequired":true,"valueName":"search_term_string"}}],"inLanguage":"fr-FR"}]}},"_links":{"self":[{"href":"https:\/\/nyala.info\/fr\/wp-json\/wp\/v2\/pages\/5563"}],"collection":[{"href":"https:\/\/nyala.info\/fr\/wp-json\/wp\/v2\/pages"}],"about":[{"href":"https:\/\/nyala.info\/fr\/wp-json\/wp\/v2\/types\/page"}],"author":[{"embeddable":true,"href":"https:\/\/nyala.info\/fr\/wp-json\/wp\/v2\/users\/3"}],"replies":[{"embeddable":true,"href":"https:\/\/nyala.info\/fr\/wp-json\/wp\/v2\/comments?post=5563"}],"version-history":[{"count":4,"href":"https:\/\/nyala.info\/fr\/wp-json\/wp\/v2\/pages\/5563\/revisions"}],"predecessor-version":[{"id":7432,"href":"https:\/\/nyala.info\/fr\/wp-json\/wp\/v2\/pages\/5563\/revisions\/7432"}],"up":[{"embeddable":true,"href":"https:\/\/nyala.info\/fr\/wp-json\/wp\/v2\/pages\/4841"}],"wp:featuredmedia":[{"embeddable":true,"href":"https:\/\/nyala.info\/fr\/wp-json\/wp\/v2\/media\/2765"}],"wp:attachment":[{"href":"https:\/\/nyala.info\/fr\/wp-json\/wp\/v2\/media?parent=5563"}],"curies":[{"name":"wp","href":"https:\/\/api.w.org\/{rel}","templated":true}]}}