{"id":2049,"date":"2016-10-04T21:16:01","date_gmt":"2016-10-04T19:16:01","guid":{"rendered":"http:\/\/www.nyalahotel.biz\/fr\/?page_id=2049"},"modified":"2018-12-27T17:29:08","modified_gmt":"2018-12-27T16:29:08","slug":"vacances-dete-de-la-plage-san-remo","status":"publish","type":"page","link":"https:\/\/nyala.info\/fr\/offres-speciales-pour-vos-vacances\/vacances-et-festivites\/vacances-dete-de-la-plage-san-remo\/","title":{"rendered":"Vacances d&#8217;\u00e9t\u00e9 de la plage \u00e0 San Remo"},"content":{"rendered":"<h2 style=\"text-align: center;\">Vacances \u00e0 la mer en Ligurie<\/h2>\n<p style=\"text-align: center;\">Des journ\u00e9es de repos total au borde de la piscine et des nuits de f\u00eates pour vous vacances \u00e0 la mer en Ligurie<\/p>\n<p style=\"text-align: center;\">Si vous souhaitez passer un \u00e9t\u00e9 palpitant, laissez-vous emporter par la Riviera : en choisissant notre h\u00f4tel, vous pourrez passer des journ\u00e9es reposantes au bord de la piscine tout en vous ressour\u00e7ant avec une boisson fra\u00eeche ou en d\u00e9jeunant au Grill Dalak pendant que vos enfants joueront en toute s\u00e9curit\u00e9 dans le parc de jeux. Vous pourrez \u00e9galement alterner avec des journ\u00e9es de d\u00e9couverte le long de la c\u00f4te ou dans notre charmant arri\u00e8re-pays.<\/p>\n<p style=\"text-align: center;\">[huge_it_slider id=&#8221;4&#8243;]<\/p>\n<ul class=\"tabs\">\n<li class=\"tab-link current\" data-tab=\"tab-1\">Reservez<\/li>\n<li class=\"tab-link\" data-tab=\"tab-2\">Notre offre comprend<\/li>\n<li class=\"tab-link\" data-tab=\"tab-3\">Conditions de reservation<\/li>\n<\/ul>\n<div id=\"tab-1\" class=\"tab-content current\">\n<p style=\"text-align: justify;\">Notre programme \u00ab\u00a0<strong>Summer Nights<\/strong>\u00a0\u00bb animera votre \u00e9t\u00e9, avec des soir\u00e9es musicales et gastronomiques sur notre terrasse panoramique et dans les restaurants.<\/p>\n<p style=\"text-align: justify;\">Notre service <b>mini-club<\/b> du soir, avec animation pour les plus petits, vous permettra ensuite de d\u00eener avec s\u00e9r\u00e9nit\u00e9, tous les jours en juillet et ao\u00fbt, de 17 \u00e0 21 heures environ.<\/p>\n<p style=\"text-align: justify;\">Les animations que nous proposons seront toujours calmes et ne cr\u00e9eront pas de g\u00eane \u00e0 nos h\u00f4tes.<\/p>\n<p style=\"text-align: center;\"><a class=\"maxbutton-3 maxbutton maxbutton-reserver\" target=\"_blank\" rel=\"noopener\" href=\"http:\/\/www.nyalahotel.com\/fr\/reserver\/\"><span class='mb-text'>Reserver<\/span><\/a><\/p>\n<\/div>\n<div id=\"tab-2\" class=\"tab-content\">\n<p style=\"text-align: justify;\">L&#8217;offre comprend<\/p>\n<ul style=\"text-align: justify;\">\n<li><b>Formula 14&#215;12<\/b> = restez 14 nuits et payez-en seulement 12<\/li>\n<li>le s\u00e9jour en <b>demi-pension<\/b> avec menu du jour, boissons non incluses, et le choix entre le buffet ou le service traditionnel en table, le tout sans suppl\u00e9ment<\/li>\n<li>l&#8217;utilisation de la piscines et des \u00e9quipement comme les chaises longues et les parasols (disponibilit\u00e9s en quantit\u00e9 limit\u00e9e).<\/li>\n<li>Le programme d&#8217;animation <b>Summer Nights<\/b> pour les grands et les petits.<\/li>\n<\/ul>\n<h4 style=\"text-align: justify;\"><strong>L&#8217;offre comprend aussi:<\/strong><\/h4>\n<ul style=\"text-align: justify;\">\n<li>Un accueil VIP \u00e0 votre arriv\u00e9e en chambre: une bouteille de p\u00e9tillant et un bouquet compos\u00e9 des fleurs particuli\u00e8rement parfum\u00e9es de Sanremo.<\/li>\n<li>Un bon \u00e0 transformer en fiches pour tenter votre chance au Casino de Sanremo.<\/li>\n<li>Le parking priv\u00e9, en fonction des disponibilit\u00e9s<\/li>\n<\/ul>\n<p style=\"text-align: justify;\">Sp\u00e9cial Famille:<\/p>\n<ul style=\"text-align: justify;\">\n<li>Le baby-kit (berceau, table \u00e0 langer, petite baignoire&#8230;) \u00e0 votre disposition gratuitement (sur r\u00e9servation).<\/li>\n<li>Le premier enfant (jusqu&#8217;\u00e0 1\u00a0\u00bb ans) s\u00e9journera gratuitement s&#8217;il partage la chambre des parents<\/li>\n<li>Jusqu&#8217;\u00e0 2 enfants de moins de 18 ans, \u00e9conomisez 50% en partageant la chambre des parents.<\/li>\n<li>Ludoth\u00e8que et parc de jeux \u00e0 disposition toute la journ\u00e9e<\/li>\n<li>Coin cuisine pour pr\u00e9parer bouillies et pur\u00e9e 24h\/24<\/li>\n<li>Miniclub avec assistance de 17h \u00e0 21h, pendant les p\u00e9riodes de grande affluence durant les festivit\u00e9s<\/li>\n<\/ul>\n<\/div>\n<div id=\"tab-3\" class=\"tab-content\">\n<p>CONDITIONS DE RESERVATION.<\/p>\n<ul>\n<li>Dur\u00e9e minimale du s\u00e9jour: 3 nuits.<\/li>\n<li>Dur\u00e9e maximale du s\u00e9jour: indiff\u00e9rent.<\/li>\n<li>Cette offre est disponible uniquement pour les r\u00e9servations en ligne et pour un nombre limit\u00e9 de<br \/>\nplace.<\/li>\n<li>Toutes les r\u00e9ductions propos\u00e9es sont calcul\u00e9es automatiquement par notre logiciel de r\u00e9servation.<\/li>\n<li>L&#8217;offre est valable toute l\u2019ann\u00e9e except\u00e9 pendant les p\u00e9riodes de grande affluence.<\/li>\n<li>L&#8217;offre peut subir quelques modifications au cours de l\u2019ann\u00e9e et ce sans pr\u00e9avis.<\/li>\n<li>En cas de r\u00e9clamation, les tarifs propos\u00e9s par notre logiciel de r\u00e9servation feront foi.<\/li>\n<li>Caution: 25% (min. 1 nuit).<\/li>\n<li>Annulation gratuite jusqu\u2019\u00e0 7 jours avant votre arriv\u00e9e.<\/li>\n<li>P\u00e9nalit\u00e9 en cas d\u2019annulation tardive, de non-pr\u00e9sentation ou de d\u00e9part anticip\u00e9: 100%.<\/li>\n<\/ul>\n<\/div>\n<p><!-- container --><br \/>\n<script type=\"text\/javascript\">\n\tjQuery(document).ready(function(){\t\n\tjQuery('ul.tabs li').click(function(){\n\t\tvar tab_id = jQuery(this).attr('data-tab');\n\t\tjQuery('ul.tabs li').removeClass('current');\n\t\tjQuery('.tab-content').removeClass('current');\n\t\tjQuery(this).addClass('current');\n\t\tjQuery(\"#\"+tab_id).addClass('current');\n\t})\n})\n<\/script><\/p>\n<p>&nbsp;<\/p>\n","protected":false},"excerpt":{"rendered":"<p>Vacances \u00e0 la mer en Ligurie Des journ\u00e9es de repos total au borde de la piscine et des nuits de f\u00eates pour vous vacances \u00e0 la mer en Ligurie Si vous souhaitez passer un \u00e9t\u00e9 palpitant, laissez-vous emporter par la Riviera : en choisissant notre h\u00f4tel, vous pourrez passer des journ\u00e9es reposantes au bord de [&hellip;]<\/p>\n","protected":false},"author":3,"featured_media":611,"parent":4841,"menu_order":23,"comment_status":"open","ping_status":"open","template":"","meta":{"_acf_changed":false,"footnotes":""},"class_list":["post-2049","page","type-page","status-publish","has-post-thumbnail","hentry"],"acf":[],"yoast_head":"<!-- This site is optimized with the Yoast SEO plugin v25.6 - https:\/\/yoast.com\/wordpress\/plugins\/seo\/ -->\n<title>Vacances d&#039;\u00e9t\u00e9 de la plage \u00e0 San Remo | Nyala Suite Hotel Hotel 4 \u00e9toiles \u00e0 San Remo<\/title>\n<meta name=\"robots\" content=\"noindex, follow, max-snippet:-1, max-image-preview:large, max-video-preview:-1\" \/>\n<meta property=\"og:locale\" content=\"fr_FR\" \/>\n<meta property=\"og:type\" content=\"article\" \/>\n<meta property=\"og:title\" content=\"Vacances d&#039;\u00e9t\u00e9 de la plage \u00e0 San Remo | Nyala Suite Hotel Hotel 4 \u00e9toiles \u00e0 San Remo\" \/>\n<meta property=\"og:description\" content=\"Vacances \u00e0 la mer en Ligurie Des journ\u00e9es de repos total au borde de la piscine et des nuits de f\u00eates pour vous vacances \u00e0 la mer en Ligurie Si vous souhaitez passer un \u00e9t\u00e9 palpitant, laissez-vous emporter par la Riviera : en choisissant notre h\u00f4tel, vous pourrez passer des journ\u00e9es reposantes au bord de [&hellip;]\" \/>\n<meta property=\"og:url\" content=\"https:\/\/nyala.info\/fr\/offres-speciales-pour-vos-vacances\/vacances-et-festivites\/vacances-dete-de-la-plage-san-remo\/\" \/>\n<meta property=\"og:site_name\" content=\"Nyala Suite Hotel\" \/>\n<meta property=\"article:modified_time\" content=\"2018-12-27T16:29:08+00:00\" \/>\n<meta property=\"og:image\" content=\"https:\/\/nyala.info\/wp-content\/uploads\/2015\/03\/nyala_pool2.jpg\" \/>\n\t<meta property=\"og:image:width\" content=\"1500\" \/>\n\t<meta property=\"og:image:height\" content=\"1000\" \/>\n\t<meta property=\"og:image:type\" content=\"image\/jpeg\" \/>\n<meta name=\"twitter:card\" content=\"summary_large_image\" \/>\n<meta name=\"twitter:label1\" content=\"Est. reading time\" \/>\n\t<meta name=\"twitter:data1\" content=\"3 minutes\" \/>\n<script type=\"application\/ld+json\" class=\"yoast-schema-graph\">{\"@context\":\"https:\/\/schema.org\",\"@graph\":[{\"@type\":\"WebPage\",\"@id\":\"https:\/\/nyala.info\/fr\/offres-speciales-pour-vos-vacances\/vacances-et-festivites\/vacances-dete-de-la-plage-san-remo\/\",\"url\":\"https:\/\/nyala.info\/fr\/offres-speciales-pour-vos-vacances\/vacances-et-festivites\/vacances-dete-de-la-plage-san-remo\/\",\"name\":\"Vacances d'\u00e9t\u00e9 de la plage \u00e0 San Remo | Nyala Suite Hotel Hotel 4 \u00e9toiles \u00e0 San Remo\",\"isPartOf\":{\"@id\":\"https:\/\/nyala.info\/fr\/#website\"},\"primaryImageOfPage\":{\"@id\":\"https:\/\/nyala.info\/fr\/offres-speciales-pour-vos-vacances\/vacances-et-festivites\/vacances-dete-de-la-plage-san-remo\/#primaryimage\"},\"image\":{\"@id\":\"https:\/\/nyala.info\/fr\/offres-speciales-pour-vos-vacances\/vacances-et-festivites\/vacances-dete-de-la-plage-san-remo\/#primaryimage\"},\"thumbnailUrl\":\"https:\/\/nyala.info\/wp-content\/uploads\/2015\/03\/nyala_pool2.jpg\",\"datePublished\":\"2016-10-04T19:16:01+00:00\",\"dateModified\":\"2018-12-27T16:29:08+00:00\",\"breadcrumb\":{\"@id\":\"https:\/\/nyala.info\/fr\/offres-speciales-pour-vos-vacances\/vacances-et-festivites\/vacances-dete-de-la-plage-san-remo\/#breadcrumb\"},\"inLanguage\":\"fr-FR\",\"potentialAction\":[{\"@type\":\"ReadAction\",\"target\":[\"https:\/\/nyala.info\/fr\/offres-speciales-pour-vos-vacances\/vacances-et-festivites\/vacances-dete-de-la-plage-san-remo\/\"]}]},{\"@type\":\"ImageObject\",\"inLanguage\":\"fr-FR\",\"@id\":\"https:\/\/nyala.info\/fr\/offres-speciales-pour-vos-vacances\/vacances-et-festivites\/vacances-dete-de-la-plage-san-remo\/#primaryimage\",\"url\":\"https:\/\/nyala.info\/wp-content\/uploads\/2015\/03\/nyala_pool2.jpg\",\"contentUrl\":\"https:\/\/nyala.info\/wp-content\/uploads\/2015\/03\/nyala_pool2.jpg\",\"width\":1500,\"height\":1000,\"caption\":\"piscina, vacanze estive, vacances d'\u00e9t\u00e9, sommerurlaub, \u041b\u0435\u0442\u043d\u0438\u0439 \u043e\u0442\u0434\u044b\u0445\"},{\"@type\":\"BreadcrumbList\",\"@id\":\"https:\/\/nyala.info\/fr\/offres-speciales-pour-vos-vacances\/vacances-et-festivites\/vacances-dete-de-la-plage-san-remo\/#breadcrumb\",\"itemListElement\":[{\"@type\":\"ListItem\",\"position\":1,\"name\":\"Home\",\"item\":\"https:\/\/nyala.info\/fr\/\"},{\"@type\":\"ListItem\",\"position\":2,\"name\":\"Offres sp\u00e9ciales pour vos vacances\",\"item\":\"https:\/\/nyala.info\/fr\/offres-speciales-pour-vos-vacances\/\"},{\"@type\":\"ListItem\",\"position\":3,\"name\":\"Vacances et festivit\u00e9s 2018\",\"item\":\"https:\/\/nyala.info\/fr\/offres-speciales-pour-vos-vacances\/vacances-et-festivites\/\"},{\"@type\":\"ListItem\",\"position\":4,\"name\":\"Vacances d&#8217;\u00e9t\u00e9 de la plage \u00e0 San Remo\"}]},{\"@type\":\"WebSite\",\"@id\":\"https:\/\/nyala.info\/fr\/#website\",\"url\":\"https:\/\/nyala.info\/fr\/\",\"name\":\"Nyala Suite Hotel\",\"description\":\"Hotel 4 \u00e9toiles \u00e0 San Remo\",\"potentialAction\":[{\"@type\":\"SearchAction\",\"target\":{\"@type\":\"EntryPoint\",\"urlTemplate\":\"https:\/\/nyala.info\/fr\/?s={search_term_string}\"},\"query-input\":{\"@type\":\"PropertyValueSpecification\",\"valueRequired\":true,\"valueName\":\"search_term_string\"}}],\"inLanguage\":\"fr-FR\"}]}<\/script>\n<!-- \/ Yoast SEO plugin. -->","yoast_head_json":{"title":"Vacances d'\u00e9t\u00e9 de la plage \u00e0 San Remo | Nyala Suite Hotel Hotel 4 \u00e9toiles \u00e0 San Remo","robots":{"index":"noindex","follow":"follow","max-snippet":"max-snippet:-1","max-image-preview":"max-image-preview:large","max-video-preview":"max-video-preview:-1"},"og_locale":"fr_FR","og_type":"article","og_title":"Vacances d'\u00e9t\u00e9 de la plage \u00e0 San Remo | Nyala Suite Hotel Hotel 4 \u00e9toiles \u00e0 San Remo","og_description":"Vacances \u00e0 la mer en Ligurie Des journ\u00e9es de repos total au borde de la piscine et des nuits de f\u00eates pour vous vacances \u00e0 la mer en Ligurie Si vous souhaitez passer un \u00e9t\u00e9 palpitant, laissez-vous emporter par la Riviera : en choisissant notre h\u00f4tel, vous pourrez passer des journ\u00e9es reposantes au bord de [&hellip;]","og_url":"https:\/\/nyala.info\/fr\/offres-speciales-pour-vos-vacances\/vacances-et-festivites\/vacances-dete-de-la-plage-san-remo\/","og_site_name":"Nyala Suite Hotel","article_modified_time":"2018-12-27T16:29:08+00:00","og_image":[{"width":1500,"height":1000,"url":"https:\/\/nyala.info\/wp-content\/uploads\/2015\/03\/nyala_pool2.jpg","type":"image\/jpeg"}],"twitter_card":"summary_large_image","twitter_misc":{"Est. reading time":"3 minutes"},"schema":{"@context":"https:\/\/schema.org","@graph":[{"@type":"WebPage","@id":"https:\/\/nyala.info\/fr\/offres-speciales-pour-vos-vacances\/vacances-et-festivites\/vacances-dete-de-la-plage-san-remo\/","url":"https:\/\/nyala.info\/fr\/offres-speciales-pour-vos-vacances\/vacances-et-festivites\/vacances-dete-de-la-plage-san-remo\/","name":"Vacances d'\u00e9t\u00e9 de la plage \u00e0 San Remo | Nyala Suite Hotel Hotel 4 \u00e9toiles \u00e0 San Remo","isPartOf":{"@id":"https:\/\/nyala.info\/fr\/#website"},"primaryImageOfPage":{"@id":"https:\/\/nyala.info\/fr\/offres-speciales-pour-vos-vacances\/vacances-et-festivites\/vacances-dete-de-la-plage-san-remo\/#primaryimage"},"image":{"@id":"https:\/\/nyala.info\/fr\/offres-speciales-pour-vos-vacances\/vacances-et-festivites\/vacances-dete-de-la-plage-san-remo\/#primaryimage"},"thumbnailUrl":"https:\/\/nyala.info\/wp-content\/uploads\/2015\/03\/nyala_pool2.jpg","datePublished":"2016-10-04T19:16:01+00:00","dateModified":"2018-12-27T16:29:08+00:00","breadcrumb":{"@id":"https:\/\/nyala.info\/fr\/offres-speciales-pour-vos-vacances\/vacances-et-festivites\/vacances-dete-de-la-plage-san-remo\/#breadcrumb"},"inLanguage":"fr-FR","potentialAction":[{"@type":"ReadAction","target":["https:\/\/nyala.info\/fr\/offres-speciales-pour-vos-vacances\/vacances-et-festivites\/vacances-dete-de-la-plage-san-remo\/"]}]},{"@type":"ImageObject","inLanguage":"fr-FR","@id":"https:\/\/nyala.info\/fr\/offres-speciales-pour-vos-vacances\/vacances-et-festivites\/vacances-dete-de-la-plage-san-remo\/#primaryimage","url":"https:\/\/nyala.info\/wp-content\/uploads\/2015\/03\/nyala_pool2.jpg","contentUrl":"https:\/\/nyala.info\/wp-content\/uploads\/2015\/03\/nyala_pool2.jpg","width":1500,"height":1000,"caption":"piscina, vacanze estive, vacances d'\u00e9t\u00e9, sommerurlaub, \u041b\u0435\u0442\u043d\u0438\u0439 \u043e\u0442\u0434\u044b\u0445"},{"@type":"BreadcrumbList","@id":"https:\/\/nyala.info\/fr\/offres-speciales-pour-vos-vacances\/vacances-et-festivites\/vacances-dete-de-la-plage-san-remo\/#breadcrumb","itemListElement":[{"@type":"ListItem","position":1,"name":"Home","item":"https:\/\/nyala.info\/fr\/"},{"@type":"ListItem","position":2,"name":"Offres sp\u00e9ciales pour vos vacances","item":"https:\/\/nyala.info\/fr\/offres-speciales-pour-vos-vacances\/"},{"@type":"ListItem","position":3,"name":"Vacances et festivit\u00e9s 2018","item":"https:\/\/nyala.info\/fr\/offres-speciales-pour-vos-vacances\/vacances-et-festivites\/"},{"@type":"ListItem","position":4,"name":"Vacances d&#8217;\u00e9t\u00e9 de la plage \u00e0 San Remo"}]},{"@type":"WebSite","@id":"https:\/\/nyala.info\/fr\/#website","url":"https:\/\/nyala.info\/fr\/","name":"Nyala Suite Hotel","description":"Hotel 4 \u00e9toiles \u00e0 San Remo","potentialAction":[{"@type":"SearchAction","target":{"@type":"EntryPoint","urlTemplate":"https:\/\/nyala.info\/fr\/?s={search_term_string}"},"query-input":{"@type":"PropertyValueSpecification","valueRequired":true,"valueName":"search_term_string"}}],"inLanguage":"fr-FR"}]}},"_links":{"self":[{"href":"https:\/\/nyala.info\/fr\/wp-json\/wp\/v2\/pages\/2049"}],"collection":[{"href":"https:\/\/nyala.info\/fr\/wp-json\/wp\/v2\/pages"}],"about":[{"href":"https:\/\/nyala.info\/fr\/wp-json\/wp\/v2\/types\/page"}],"author":[{"embeddable":true,"href":"https:\/\/nyala.info\/fr\/wp-json\/wp\/v2\/users\/3"}],"replies":[{"embeddable":true,"href":"https:\/\/nyala.info\/fr\/wp-json\/wp\/v2\/comments?post=2049"}],"version-history":[{"count":13,"href":"https:\/\/nyala.info\/fr\/wp-json\/wp\/v2\/pages\/2049\/revisions"}],"predecessor-version":[{"id":7393,"href":"https:\/\/nyala.info\/fr\/wp-json\/wp\/v2\/pages\/2049\/revisions\/7393"}],"up":[{"embeddable":true,"href":"https:\/\/nyala.info\/fr\/wp-json\/wp\/v2\/pages\/4841"}],"wp:featuredmedia":[{"embeddable":true,"href":"https:\/\/nyala.info\/fr\/wp-json\/wp\/v2\/media\/611"}],"wp:attachment":[{"href":"https:\/\/nyala.info\/fr\/wp-json\/wp\/v2\/media?parent=2049"}],"curies":[{"name":"wp","href":"https:\/\/api.w.org\/{rel}","templated":true}]}}