{"id":2021,"date":"2016-10-04T21:18:01","date_gmt":"2016-10-04T19:18:01","guid":{"rendered":"http:\/\/www.nyalahotel.biz\/fr\/?page_id=2021"},"modified":"2018-12-27T15:32:09","modified_gmt":"2018-12-27T14:32:09","slug":"vacances-de-paques-sanremo","status":"publish","type":"page","link":"https:\/\/nyala.info\/fr\/offres-speciales-pour-vos-vacances\/vacances-et-festivites\/vacances-de-paques-sanremo\/","title":{"rendered":"Vacances de P\u00e2ques \u00e0 Sanremo"},"content":{"rendered":"<h2 style=\"text-align: center;\">Vacances de P\u00e2ques \u00e0 Sanremo<\/h2>\n<p style=\"text-align: center;\">R\u00e9servez vos vacances de P\u00e2ques \u00e0 Sanremo en Ligurie, en choisissant les offres sp\u00e9ciales de notre h\u00f4tel<\/p>\n<ul class=\"tabs\">\n<li class=\"tab-link current\" data-tab=\"tab-1\">Reservez<\/li>\n<li class=\"tab-link\" data-tab=\"tab-2\">Notre offre comprend<\/li>\n<li class=\"tab-link\" data-tab=\"tab-3\">Conditions de reservations<\/li>\n<\/ul>\n<div id=\"tab-1\" class=\"tab-content current\">\n<p><img loading=\"lazy\" decoding=\"async\" class=\"alignleft size-thumbnail wp-image-1649\" src=\"http:\/\/www.nyalahotel.com\/wp-content\/uploads\/2015\/04\/pasqua-150x150.jpg\" alt=\"Pasqua, Vacances de P\u00e2ques, ostern in san remo, \u041f\u0430\u0441\u0445\u0430\" width=\"150\" height=\"150\" srcset=\"https:\/\/nyala.info\/wp-content\/uploads\/2015\/04\/pasqua-150x150.jpg 150w, https:\/\/nyala.info\/wp-content\/uploads\/2015\/04\/pasqua-2x1.jpg 2w, https:\/\/nyala.info\/wp-content\/uploads\/2015\/04\/pasqua-200x200.jpg 200w\" sizes=\"(max-width: 150px) 100vw, 150px\" \/><\/p>\n<p>L&#8217;\u00e9ternelle splendeur de la Riviera, pour passer des vacances de P\u00e2ques m\u00e9morables \u00e0 Sanremo.<br \/>\nVoici le programme des F\u00eates de P\u00e2ques:<\/p>\n<p><strong>Vendredi Saint: <\/strong>: D\u00eener.<\/p>\n<p><strong>Samedi de P\u00e2ques <\/strong>: Veill\u00e9e avec d\u00eener aux chandelles et en musique.<\/p>\n<p><strong>Dimanche de P\u00e2ques <\/strong>: traditionnel repas de P\u00e2ques en musique.<\/p>\n<a class=\"maxbutton-3 maxbutton maxbutton-reserver\" target=\"_blank\" rel=\"noopener\" href=\"http:\/\/www.nyalahotel.com\/fr\/reserver\/\"><span class='mb-text'>Reserver<\/span><\/a>\n<\/div>\n<div id=\"tab-2\" class=\"tab-content\">\n<p>L&#8217;offre comprend:<\/p>\n<ul>\n<li>Formule 7&#215;6 = restez 7 nuits et payez-en seulement 6<\/li>\n<\/ul>\n<p>L&#8217;offre comprend \u00e9galement:<\/p>\n<ul>\n<li>Tarif sur la base d&#8217;une demi-pension, avec petit-d\u00e9jeuner et au choix d\u00e9jeuner ou d\u00eener<\/li>\n<li>le Repas traditionnel de P\u00e2ques peut \u00eatre choisi pour la demi-pension et ce sans suppl\u00e9ment<\/li>\n<li>Un accueil VIP \u00e0 votre arriv\u00e9e en chambre: une bouteille de p\u00e9tillant et un bouquet compos\u00e9 des fleurs particuli\u00e8rement parfum\u00e9es de Sanremo.<\/li>\n<li>Un bon \u00e0 transformer en fiches pour tenter votre chance au Casino de Sanremo.<\/li>\n<\/ul>\n<ul>\n<li>Le parking priv\u00e9, en fonction des disponibilit\u00e9s<\/li>\n<\/ul>\n<p>Sp\u00e9cial Famille:<\/p>\n<ul>\n<li>Le baby-kit (berceau, table \u00e0 langer, petite baignoire&#8230;) \u00e0 votre disposition gratuitement (sur r\u00e9servation).<\/li>\n<li>Le premier enfant (jusqu&#8217;\u00e0 13 ans) s\u00e9journera gratuitement s&#8217;il partage la chambre des parents<\/li>\n<li>Jusqu&#8217;\u00e0 2 enfants de moins de 18 ans, \u00e9conomisez 50% en partageant la chambre des parents.<\/li>\n<li>Ludoth\u00e8que et parc de jeux \u00e0 disposition toute la journ\u00e9e<\/li>\n<li>Coin cuisine pour pr\u00e9parer bouillies et pur\u00e9e 24h\/24<\/li>\n<li>Miniclub avec assistance de 17h \u00e0 21h, pendant les p\u00e9riodes de grande affluence durant les festivit\u00e9s<\/li>\n<\/ul>\n<\/div>\n<div id=\"tab-3\" class=\"tab-content\">\n<p><strong>Conditions de reservation.<\/strong><\/p>\n<ul>\n<li>Dur\u00e9e minimale du s\u00e9jour: 3 nuits.<\/li>\n<li>Dur\u00e9e maximale du s\u00e9jour: indiff\u00e9rent.<\/li>\n<li>Cette offre est disponible uniquement pour les r\u00e9servations en ligne et pour un nombre limit\u00e9 de place.<\/li>\n<li>Toutes les r\u00e9ductions propos\u00e9es sont calcul\u00e9es automatiquement par notre logiciel de r\u00e9servation.<\/li>\n<li>L&#8217;offre est valable toute l\u2019ann\u00e9e except\u00e9 pendant les p\u00e9riodes de grande affluence.<\/li>\n<li>L&#8217;offre peut subir quelques modifications au cours de l\u2019ann\u00e9e et ce sans pr\u00e9avis.<\/li>\n<li>En cas de r\u00e9clamation, les tarifs propos\u00e9s par notre logiciel de r\u00e9servation feront foi.<\/li>\n<li>Caution: 25% (min. 1 nuit).<\/li>\n<li>Annulation gratuite jusqu\u2019\u00e0 7 jours avant votre arriv\u00e9e.<\/li>\n<li>P\u00e9nalit\u00e9 en cas d\u2019annulation tardive, de non-pr\u00e9sentation ou de d\u00e9part anticip\u00e9: 100%.<\/li>\n<\/ul>\n<\/div>\n<p><!-- container --><br \/>\n<script type=\"text\/javascript\">\n\tjQuery(document).ready(function(){\t\n\tjQuery('ul.tabs li').click(function(){\n\t\tvar tab_id = jQuery(this).attr('data-tab');\n\t\tjQuery('ul.tabs li').removeClass('current');\n\t\tjQuery('.tab-content').removeClass('current');\n\t\tjQuery(this).addClass('current');\n\t\tjQuery(\"#\"+tab_id).addClass('current');\n\t})\n})\n<\/script><\/p>\n","protected":false},"excerpt":{"rendered":"<p>Vacances de P\u00e2ques \u00e0 Sanremo R\u00e9servez vos vacances de P\u00e2ques \u00e0 Sanremo en Ligurie, en choisissant les offres sp\u00e9ciales de notre h\u00f4tel Reservez Notre offre comprend Conditions de reservations L&#8217;\u00e9ternelle splendeur de la Riviera, pour passer des vacances de P\u00e2ques m\u00e9morables \u00e0 Sanremo. Voici le programme des F\u00eates de P\u00e2ques: Vendredi Saint: : D\u00eener. Samedi [&hellip;]<\/p>\n","protected":false},"author":3,"featured_media":1649,"parent":4841,"menu_order":23,"comment_status":"open","ping_status":"open","template":"","meta":{"_acf_changed":false,"footnotes":""},"class_list":["post-2021","page","type-page","status-publish","has-post-thumbnail","hentry"],"acf":[],"yoast_head":"<!-- This site is optimized with the Yoast SEO plugin v25.6 - https:\/\/yoast.com\/wordpress\/plugins\/seo\/ -->\n<title>Vacances de P\u00e2ques \u00e0 Sanremo | Nyala Suite Hotel Hotel 4 \u00e9toiles \u00e0 San Remo<\/title>\n<meta name=\"description\" content=\"R\u00e9servez vos vacances de P\u00e2ques \u00e0 Sanremo en Ligurie, en choisissant les offres sp\u00e9ciales de notre h\u00f4tel.\" \/>\n<meta name=\"robots\" content=\"noindex, follow, max-snippet:-1, max-image-preview:large, max-video-preview:-1\" \/>\n<meta property=\"og:locale\" content=\"fr_FR\" \/>\n<meta property=\"og:type\" content=\"article\" \/>\n<meta property=\"og:title\" content=\"Vacances de P\u00e2ques \u00e0 Sanremo | Nyala Suite Hotel Hotel 4 \u00e9toiles \u00e0 San Remo\" \/>\n<meta property=\"og:description\" content=\"R\u00e9servez vos vacances de P\u00e2ques \u00e0 Sanremo en Ligurie, en choisissant les offres sp\u00e9ciales de notre h\u00f4tel.\" \/>\n<meta property=\"og:url\" content=\"https:\/\/nyala.info\/fr\/offres-speciales-pour-vos-vacances\/vacances-et-festivites\/vacances-de-paques-sanremo\/\" \/>\n<meta property=\"og:site_name\" content=\"Nyala Suite Hotel\" \/>\n<meta property=\"article:modified_time\" content=\"2018-12-27T14:32:09+00:00\" \/>\n<meta property=\"og:image\" content=\"https:\/\/nyala.info\/wp-content\/uploads\/2015\/04\/pasqua.jpg\" \/>\n\t<meta property=\"og:image:width\" content=\"363\" \/>\n\t<meta property=\"og:image:height\" content=\"242\" \/>\n\t<meta property=\"og:image:type\" content=\"image\/jpeg\" \/>\n<meta name=\"twitter:card\" content=\"summary_large_image\" \/>\n<meta name=\"twitter:label1\" content=\"Est. reading time\" \/>\n\t<meta name=\"twitter:data1\" content=\"2 minutes\" \/>\n<script type=\"application\/ld+json\" class=\"yoast-schema-graph\">{\"@context\":\"https:\/\/schema.org\",\"@graph\":[{\"@type\":\"WebPage\",\"@id\":\"https:\/\/nyala.info\/fr\/offres-speciales-pour-vos-vacances\/vacances-et-festivites\/vacances-de-paques-sanremo\/\",\"url\":\"https:\/\/nyala.info\/fr\/offres-speciales-pour-vos-vacances\/vacances-et-festivites\/vacances-de-paques-sanremo\/\",\"name\":\"Vacances de P\u00e2ques \u00e0 Sanremo | Nyala Suite Hotel Hotel 4 \u00e9toiles \u00e0 San Remo\",\"isPartOf\":{\"@id\":\"https:\/\/nyala.info\/fr\/#website\"},\"primaryImageOfPage\":{\"@id\":\"https:\/\/nyala.info\/fr\/offres-speciales-pour-vos-vacances\/vacances-et-festivites\/vacances-de-paques-sanremo\/#primaryimage\"},\"image\":{\"@id\":\"https:\/\/nyala.info\/fr\/offres-speciales-pour-vos-vacances\/vacances-et-festivites\/vacances-de-paques-sanremo\/#primaryimage\"},\"thumbnailUrl\":\"https:\/\/nyala.info\/wp-content\/uploads\/2015\/04\/pasqua.jpg\",\"datePublished\":\"2016-10-04T19:18:01+00:00\",\"dateModified\":\"2018-12-27T14:32:09+00:00\",\"description\":\"R\u00e9servez vos vacances de P\u00e2ques \u00e0 Sanremo en Ligurie, en choisissant les offres sp\u00e9ciales de notre h\u00f4tel.\",\"breadcrumb\":{\"@id\":\"https:\/\/nyala.info\/fr\/offres-speciales-pour-vos-vacances\/vacances-et-festivites\/vacances-de-paques-sanremo\/#breadcrumb\"},\"inLanguage\":\"fr-FR\",\"potentialAction\":[{\"@type\":\"ReadAction\",\"target\":[\"https:\/\/nyala.info\/fr\/offres-speciales-pour-vos-vacances\/vacances-et-festivites\/vacances-de-paques-sanremo\/\"]}]},{\"@type\":\"ImageObject\",\"inLanguage\":\"fr-FR\",\"@id\":\"https:\/\/nyala.info\/fr\/offres-speciales-pour-vos-vacances\/vacances-et-festivites\/vacances-de-paques-sanremo\/#primaryimage\",\"url\":\"https:\/\/nyala.info\/wp-content\/uploads\/2015\/04\/pasqua.jpg\",\"contentUrl\":\"https:\/\/nyala.info\/wp-content\/uploads\/2015\/04\/pasqua.jpg\",\"width\":363,\"height\":242,\"caption\":\"Pasqua, Vacances de P\u00e2ques, ostern in san remo, \u041f\u0430\u0441\u0445\u0430\"},{\"@type\":\"BreadcrumbList\",\"@id\":\"https:\/\/nyala.info\/fr\/offres-speciales-pour-vos-vacances\/vacances-et-festivites\/vacances-de-paques-sanremo\/#breadcrumb\",\"itemListElement\":[{\"@type\":\"ListItem\",\"position\":1,\"name\":\"Home\",\"item\":\"https:\/\/nyala.info\/fr\/\"},{\"@type\":\"ListItem\",\"position\":2,\"name\":\"Offres sp\u00e9ciales pour vos vacances\",\"item\":\"https:\/\/nyala.info\/fr\/offres-speciales-pour-vos-vacances\/\"},{\"@type\":\"ListItem\",\"position\":3,\"name\":\"Vacances et festivit\u00e9s 2018\",\"item\":\"https:\/\/nyala.info\/fr\/offres-speciales-pour-vos-vacances\/vacances-et-festivites\/\"},{\"@type\":\"ListItem\",\"position\":4,\"name\":\"Vacances de P\u00e2ques \u00e0 Sanremo\"}]},{\"@type\":\"WebSite\",\"@id\":\"https:\/\/nyala.info\/fr\/#website\",\"url\":\"https:\/\/nyala.info\/fr\/\",\"name\":\"Nyala Suite Hotel\",\"description\":\"Hotel 4 \u00e9toiles \u00e0 San Remo\",\"potentialAction\":[{\"@type\":\"SearchAction\",\"target\":{\"@type\":\"EntryPoint\",\"urlTemplate\":\"https:\/\/nyala.info\/fr\/?s={search_term_string}\"},\"query-input\":{\"@type\":\"PropertyValueSpecification\",\"valueRequired\":true,\"valueName\":\"search_term_string\"}}],\"inLanguage\":\"fr-FR\"}]}<\/script>\n<!-- \/ Yoast SEO plugin. -->","yoast_head_json":{"title":"Vacances de P\u00e2ques \u00e0 Sanremo | Nyala Suite Hotel Hotel 4 \u00e9toiles \u00e0 San Remo","description":"R\u00e9servez vos vacances de P\u00e2ques \u00e0 Sanremo en Ligurie, en choisissant les offres sp\u00e9ciales de notre h\u00f4tel.","robots":{"index":"noindex","follow":"follow","max-snippet":"max-snippet:-1","max-image-preview":"max-image-preview:large","max-video-preview":"max-video-preview:-1"},"og_locale":"fr_FR","og_type":"article","og_title":"Vacances de P\u00e2ques \u00e0 Sanremo | Nyala Suite Hotel Hotel 4 \u00e9toiles \u00e0 San Remo","og_description":"R\u00e9servez vos vacances de P\u00e2ques \u00e0 Sanremo en Ligurie, en choisissant les offres sp\u00e9ciales de notre h\u00f4tel.","og_url":"https:\/\/nyala.info\/fr\/offres-speciales-pour-vos-vacances\/vacances-et-festivites\/vacances-de-paques-sanremo\/","og_site_name":"Nyala Suite Hotel","article_modified_time":"2018-12-27T14:32:09+00:00","og_image":[{"width":363,"height":242,"url":"https:\/\/nyala.info\/wp-content\/uploads\/2015\/04\/pasqua.jpg","type":"image\/jpeg"}],"twitter_card":"summary_large_image","twitter_misc":{"Est. reading time":"2 minutes"},"schema":{"@context":"https:\/\/schema.org","@graph":[{"@type":"WebPage","@id":"https:\/\/nyala.info\/fr\/offres-speciales-pour-vos-vacances\/vacances-et-festivites\/vacances-de-paques-sanremo\/","url":"https:\/\/nyala.info\/fr\/offres-speciales-pour-vos-vacances\/vacances-et-festivites\/vacances-de-paques-sanremo\/","name":"Vacances de P\u00e2ques \u00e0 Sanremo | Nyala Suite Hotel Hotel 4 \u00e9toiles \u00e0 San Remo","isPartOf":{"@id":"https:\/\/nyala.info\/fr\/#website"},"primaryImageOfPage":{"@id":"https:\/\/nyala.info\/fr\/offres-speciales-pour-vos-vacances\/vacances-et-festivites\/vacances-de-paques-sanremo\/#primaryimage"},"image":{"@id":"https:\/\/nyala.info\/fr\/offres-speciales-pour-vos-vacances\/vacances-et-festivites\/vacances-de-paques-sanremo\/#primaryimage"},"thumbnailUrl":"https:\/\/nyala.info\/wp-content\/uploads\/2015\/04\/pasqua.jpg","datePublished":"2016-10-04T19:18:01+00:00","dateModified":"2018-12-27T14:32:09+00:00","description":"R\u00e9servez vos vacances de P\u00e2ques \u00e0 Sanremo en Ligurie, en choisissant les offres sp\u00e9ciales de notre h\u00f4tel.","breadcrumb":{"@id":"https:\/\/nyala.info\/fr\/offres-speciales-pour-vos-vacances\/vacances-et-festivites\/vacances-de-paques-sanremo\/#breadcrumb"},"inLanguage":"fr-FR","potentialAction":[{"@type":"ReadAction","target":["https:\/\/nyala.info\/fr\/offres-speciales-pour-vos-vacances\/vacances-et-festivites\/vacances-de-paques-sanremo\/"]}]},{"@type":"ImageObject","inLanguage":"fr-FR","@id":"https:\/\/nyala.info\/fr\/offres-speciales-pour-vos-vacances\/vacances-et-festivites\/vacances-de-paques-sanremo\/#primaryimage","url":"https:\/\/nyala.info\/wp-content\/uploads\/2015\/04\/pasqua.jpg","contentUrl":"https:\/\/nyala.info\/wp-content\/uploads\/2015\/04\/pasqua.jpg","width":363,"height":242,"caption":"Pasqua, Vacances de P\u00e2ques, ostern in san remo, \u041f\u0430\u0441\u0445\u0430"},{"@type":"BreadcrumbList","@id":"https:\/\/nyala.info\/fr\/offres-speciales-pour-vos-vacances\/vacances-et-festivites\/vacances-de-paques-sanremo\/#breadcrumb","itemListElement":[{"@type":"ListItem","position":1,"name":"Home","item":"https:\/\/nyala.info\/fr\/"},{"@type":"ListItem","position":2,"name":"Offres sp\u00e9ciales pour vos vacances","item":"https:\/\/nyala.info\/fr\/offres-speciales-pour-vos-vacances\/"},{"@type":"ListItem","position":3,"name":"Vacances et festivit\u00e9s 2018","item":"https:\/\/nyala.info\/fr\/offres-speciales-pour-vos-vacances\/vacances-et-festivites\/"},{"@type":"ListItem","position":4,"name":"Vacances de P\u00e2ques \u00e0 Sanremo"}]},{"@type":"WebSite","@id":"https:\/\/nyala.info\/fr\/#website","url":"https:\/\/nyala.info\/fr\/","name":"Nyala Suite Hotel","description":"Hotel 4 \u00e9toiles \u00e0 San Remo","potentialAction":[{"@type":"SearchAction","target":{"@type":"EntryPoint","urlTemplate":"https:\/\/nyala.info\/fr\/?s={search_term_string}"},"query-input":{"@type":"PropertyValueSpecification","valueRequired":true,"valueName":"search_term_string"}}],"inLanguage":"fr-FR"}]}},"_links":{"self":[{"href":"https:\/\/nyala.info\/fr\/wp-json\/wp\/v2\/pages\/2021"}],"collection":[{"href":"https:\/\/nyala.info\/fr\/wp-json\/wp\/v2\/pages"}],"about":[{"href":"https:\/\/nyala.info\/fr\/wp-json\/wp\/v2\/types\/page"}],"author":[{"embeddable":true,"href":"https:\/\/nyala.info\/fr\/wp-json\/wp\/v2\/users\/3"}],"replies":[{"embeddable":true,"href":"https:\/\/nyala.info\/fr\/wp-json\/wp\/v2\/comments?post=2021"}],"version-history":[{"count":8,"href":"https:\/\/nyala.info\/fr\/wp-json\/wp\/v2\/pages\/2021\/revisions"}],"predecessor-version":[{"id":7386,"href":"https:\/\/nyala.info\/fr\/wp-json\/wp\/v2\/pages\/2021\/revisions\/7386"}],"up":[{"embeddable":true,"href":"https:\/\/nyala.info\/fr\/wp-json\/wp\/v2\/pages\/4841"}],"wp:featuredmedia":[{"embeddable":true,"href":"https:\/\/nyala.info\/fr\/wp-json\/wp\/v2\/media\/1649"}],"wp:attachment":[{"href":"https:\/\/nyala.info\/fr\/wp-json\/wp\/v2\/media?parent=2021"}],"curies":[{"name":"wp","href":"https:\/\/api.w.org\/{rel}","templated":true}]}}