{"id":1967,"date":"2016-10-04T19:44:34","date_gmt":"2016-10-04T17:44:34","guid":{"rendered":"http:\/\/www.nyalahotel.biz\/fr\/?page_id=1967"},"modified":"2017-07-24T12:36:59","modified_gmt":"2017-07-24T10:36:59","slug":"le-jardin","status":"publish","type":"page","link":"https:\/\/nyala.info\/fr\/hotel\/le-jardin\/","title":{"rendered":"H\u00f4tel avec Jardin"},"content":{"rendered":"<div class=\"col-md-6\">\n<h1 style=\"text-align: center;\"><span lang=\"fr-FR\">&#8211; H\u00f4tel<\/span> avec jardin &#8211;<\/h1>\n<h1 style=\"text-align: center;\">Le jardin botanique de l&#8217;hotel<\/h1>\n<h2 style=\"text-align: center;\"><span lang=\"fr-FR\">Gr<\/span><span lang=\"fr-FR\">\u00e2<\/span><span lang=\"fr-FR\">ce aux vastes jardins l\u2019entourant, <\/span><\/h2>\n<h2 style=\"text-align: center;\"><span lang=\"fr-FR\">l\u2019H\u00f4tel Nyala Suite de San Remo <\/span><\/h2>\n<h2 style=\"text-align: center;\"><span lang=\"fr-FR\">accueille ses invites <\/span><\/h2>\n<h2 style=\"text-align: center;\"><span lang=\"fr-FR\">dans un environnement <\/span><\/h2>\n<h2 style=\"text-align: center;\"><span lang=\"fr-FR\">extr\u00eamement plaisant et relaxant<\/span><\/h2>\n<p><span lang=\"fr-FR\">\u00a0<\/span><\/p>\n<\/div>\n<div class=\"col-md-6\">[huge_it_slider id=&#8221;5&#8243;]<br \/>\n<\/div>\n<div class=\"col-md-6\"><h4 class=\"f_title\">Un accueil si relaxant<\/h4><div class=\"featured\"><img loading=\"lazy\" decoding=\"async\" class=\"aligncenter size-full wp-image-2767\" src=\"http:\/\/www.nyalahotel.com\/wp-content\/uploads\/2015\/04\/hall-1.jpeg\" alt=\"hall\" width=\"500\" height=\"350\" srcset=\"https:\/\/nyala.info\/wp-content\/uploads\/2015\/04\/hall-1.jpeg 500w, https:\/\/nyala.info\/wp-content\/uploads\/2015\/04\/hall-1-300x210.jpeg 300w, https:\/\/nyala.info\/wp-content\/uploads\/2015\/04\/hall-1-1x1.jpeg 1w\" sizes=\"(max-width: 500px) 100vw, 500px\" \/><div>Le climat extraordinairement doux de Sanremo favorise l\u2019acclimatation de nombreuses esp\u00e8ces botaniques typiques des zones tropicales.<br \/>\nA votre arriv\u00e9e \u00e0 l&#8217;h\u00f4tel, vous serez accueillis dans notre hall de r\u00e9ception situ\u00e9 en plein coeur d&#8217;une serre o\u00f9 se sont acclimat\u00e9s deux grands exemplaires de\u00a0<em>Monstera<\/em>, une plante caract\u00e9ristique des zones tropicales d&#8217;Am\u00e9rique latine avec ses grandes feuilles et ses typiques racines a\u00e9riennes. Dans la serre, vous pourrez \u00e9galement admirer d&#8217;autres plantes comme un\u00a0<em>Philodedron<\/em>, un\u00a0<em>Howeia forsteriana<\/em>, commun\u00e9ment appel\u00e9\u00a0<em>Kentie<\/em>, et un beau\u00a0<em>Ficus lyrata<\/em>.<\/p>\n<p><\/div><\/div><\/div>\n<div class=\"col-md-6\"><div class=\"featured\"><h4 class=\"f_title\">Des endroits pour un r\u00e9el moment de d\u00e9tente<\/h4><img loading=\"lazy\" decoding=\"async\" class=\"aligncenter size-full wp-image-2766\" src=\"http:\/\/www.nyalahotel.com\/wp-content\/uploads\/2015\/04\/giardino.jpeg\" alt=\"giardino\" width=\"500\" height=\"350\" srcset=\"https:\/\/nyala.info\/wp-content\/uploads\/2015\/04\/giardino.jpeg 500w, https:\/\/nyala.info\/wp-content\/uploads\/2015\/04\/giardino-300x210.jpeg 300w, https:\/\/nyala.info\/wp-content\/uploads\/2015\/04\/giardino-1x1.jpeg 1w\" sizes=\"(max-width: 500px) 100vw, 500px\" \/><div><\/p>\n<p style=\"text-align: justify;\">Dans les jardins qui entourent l&#8217;\u00e9difice principal se trouvent plusieurs exemplaires de Phoenix canariensis, un arbre originaire des Canaries, d&#8217;environ 25 ans et d&#8217;une hauteur allant de 3 \u00e0 5 m\u00e8tres. Vous trouverez aussi d&#8217;autres palmiers nains comme le<em>Chamaerops humilis<\/em>, plante typique des r\u00e9gions m\u00e9diterran\u00e9ennes, le\u00a0<em>Datura<\/em>\u00a0avec ses grandes fleurs color\u00e9es et parfum\u00e9es, un grand\u00a0<em>Ficus<\/em>\u00a0et un\u00a0<em>Magnolia<\/em>\u00a0grandiflora originaire des Am\u00e9riques.<\/p>\n<p style=\"text-align: justify;\">Dans le jardin autour de la fontaine se trouve divers exemplaires de\u00a0<em>Washingtonia filifera<\/em>, originaires du Mexique et de Californie qui, en 15 ans, ont d\u00e9pass\u00e9 les 7 m\u00e8tres de hauteur, ainsi que de nombreuses esp\u00e8ces vari\u00e9es d&#8217;<em>Agave<\/em>, une plante venant des zones d\u00e9sertiques d\u2019Am\u00e9rique du Sud.<\/p>\n<p style=\"text-align: justify;\">Les amoureux de plantes exotiques trouveront dans notre jardin des exemplaires vari\u00e9s d\u2019<em>Euphorbia eritrea<\/em>, de hauteurs avoisinant les 10 m, des grands massifs d\u2019<em>Aloe vera<\/em>, et de multiples vari\u00e9t\u00e9s de cact\u00e9es.<\/p>\n<p style=\"text-align: justify;\">Vous pourrez aussi appr\u00e9cier les parfums propres \u00e0 la r\u00e9gion ligure, avec de grands buissons de romarin, de sauge, de lavande, de menthe\u2026 et beaucoup de rosiers, situ\u00e9s autour de la fontaine.<\/p>\n<p><\/div><\/div><\/div>\n<div class=\"col-md-6\"><div class=\"featured\"><h4 class=\"f_title\">D\u00e9jeuner avec une vue panoramique sur toute la v\u00e9g\u00e9tation<\/h4><img loading=\"lazy\" decoding=\"async\" class=\"aligncenter size-full wp-image-2770\" src=\"http:\/\/www.nyalahotel.com\/wp-content\/uploads\/2015\/04\/ristorante.jpg\" alt=\"ristorante\" width=\"500\" height=\"350\" srcset=\"https:\/\/nyala.info\/wp-content\/uploads\/2015\/04\/ristorante.jpg 500w, https:\/\/nyala.info\/wp-content\/uploads\/2015\/04\/ristorante-300x210.jpg 300w, https:\/\/nyala.info\/wp-content\/uploads\/2015\/04\/ristorante-1x1.jpg 1w\" sizes=\"(max-width: 500px) 100vw, 500px\" \/><div>Face \u00e0 l&#8217;entr\u00e9e de notre restaurant, vous pourrez admirer plusieurs exemplaires de\u00a0<em>Cicas revoluta<\/em>, originaires d&#8217;Asie, des bananiers d&#8217;Afrique occidentale, un\u00a0<em>Opuntia ficus-indica<\/em>\u00a0du Mexique plus connu sous le nom de Figuier de Barbarie qui, gr\u00e2ce au microclimat de la Riviera r\u00e9ussit m\u00eame \u00e0 produire ses propres fruits.<\/div><\/div><\/div>\n<p lang=\"fr-FR\"><div class=\"col-md-6\"><div class=\"featured\"><h4 class=\"f_title\">Les jardins bordant la piscine<\/h4><\/p>\n<p style=\"text-align: justify;\"><img loading=\"lazy\" decoding=\"async\" class=\"aligncenter size-full wp-image-2765\" src=\"http:\/\/www.nyalahotel.com\/wp-content\/uploads\/2015\/04\/Nyala_Pool-1024x683-1.jpg\" alt=\"Nyala_Pool-1024x683\" width=\"500\" height=\"350\" srcset=\"https:\/\/nyala.info\/wp-content\/uploads\/2015\/04\/Nyala_Pool-1024x683-1.jpg 500w, https:\/\/nyala.info\/wp-content\/uploads\/2015\/04\/Nyala_Pool-1024x683-1-300x210.jpg 300w, https:\/\/nyala.info\/wp-content\/uploads\/2015\/04\/Nyala_Pool-1024x683-1-1x1.jpg 1w\" sizes=\"(max-width: 500px) 100vw, 500px\" \/><div>Le complexe h\u00f4telier s\u2019\u00e9tend sur deux lots de terrain adjacents, tous deux avec une histoire diff\u00e9rente. En effet, autour de la piscine s\u2019\u00e9tend un jardin botanique r\u00e9alis\u00e9 aux environs de 1870 et ayant appartenu \u00e0 la villa d\u2019un ministre britannique.<\/p>\n<p style=\"text-align: justify;\">Ce jardin est agr\u00e9ment\u00e9 d\u2019une dizaine de palmiers centenaires, des\u00a0<em>Phoenix canariensis<\/em>, hauts de 10 \u00e0 15 m\u00e8tres. Au centre de la piscine se trouve un pr\u00e9cieux exemplaire de<em>Brahea armata<\/em>, appel\u00e9 aussi \u00ab\u00a0palmier bleu\u00a0\u00bb, originaire d\u2019Am\u00e9rique Centrale, et qui fleurit deux fois par an.<\/p>\n<p style=\"text-align: justify;\">Trois grands exemplaires d\u2019<em>Eucalyptus<\/em>, arbre originaire d\u2019Australie, de Nouvelle-Z\u00e9lande et de Nouvelle-Guin\u00e9e, encadrent le parc de jeux des enfants.<\/p>\n<p style=\"text-align: justify;\">A c\u00f4t\u00e9 des grands arbres centenaires, d\u2019autres esp\u00e8ces rares se sont acclimat\u00e9es comme un splendide\u00a0<em>Straelitia augusta<\/em>, d\u00e9sormais haut de 3 m\u00e8tres et qui produit une grande fleur blanche, ou encore plusieurs massifs de\u00a0<em>Strelitzia reginae<\/em>, originaires d\u2019Afrique du Sud, avec leur fleur orange caract\u00e9ristique, connue \u00e9galement sous le nom d&#8217;oiseau du paradis, et des plantes de\u00a0<em>Callistemon<\/em>, originaires d\u2019Australie, d\u2019un rouge particuli\u00e8rement intense.<\/p>\n<p><\/div><\/div><\/div>\n","protected":false},"excerpt":{"rendered":"","protected":false},"author":3,"featured_media":1028,"parent":3266,"menu_order":23,"comment_status":"open","ping_status":"open","template":"","meta":{"_acf_changed":false,"footnotes":""},"class_list":["post-1967","page","type-page","status-publish","has-post-thumbnail","hentry"],"acf":[],"yoast_head":"<!-- This site is optimized with the Yoast SEO plugin v25.6 - https:\/\/yoast.com\/wordpress\/plugins\/seo\/ -->\n<title>H\u00f4tel avec Jardin | Nyala Suite Hotel Hotel 4 \u00e9toiles \u00e0 San Remo<\/title>\n<meta name=\"description\" content=\"H\u00f4tel avec Jardin: Gr\u00e2ce aux vastes jardins l\u2019entourant, l\u2019H\u00f4tel Nyala Suite de San Remo accueille ses invites dans un environnement plaisant et relaxant\" \/>\n<meta name=\"robots\" content=\"noindex, follow, max-snippet:-1, max-image-preview:large, max-video-preview:-1\" \/>\n<meta property=\"og:locale\" content=\"fr_FR\" \/>\n<meta property=\"og:type\" content=\"article\" \/>\n<meta property=\"og:title\" content=\"H\u00f4tel avec Jardin | Nyala Suite Hotel Hotel 4 \u00e9toiles \u00e0 San Remo\" \/>\n<meta property=\"og:description\" content=\"H\u00f4tel avec Jardin: Gr\u00e2ce aux vastes jardins l\u2019entourant, l\u2019H\u00f4tel Nyala Suite de San Remo accueille ses invites dans un environnement plaisant et relaxant\" \/>\n<meta property=\"og:url\" content=\"https:\/\/nyala.info\/fr\/hotel\/le-jardin\/\" \/>\n<meta property=\"og:site_name\" content=\"Nyala Suite Hotel\" \/>\n<meta property=\"article:modified_time\" content=\"2017-07-24T10:36:59+00:00\" \/>\n<meta property=\"og:image\" content=\"https:\/\/nyala.info\/wp-content\/uploads\/2015\/04\/IMG_3727.jpg\" \/>\n\t<meta property=\"og:image:width\" content=\"1620\" \/>\n\t<meta property=\"og:image:height\" content=\"1080\" \/>\n\t<meta property=\"og:image:type\" content=\"image\/jpeg\" \/>\n<meta name=\"twitter:card\" content=\"summary_large_image\" \/>\n<meta name=\"twitter:label1\" content=\"Est. reading time\" \/>\n\t<meta name=\"twitter:data1\" content=\"3 minutes\" \/>\n<script type=\"application\/ld+json\" class=\"yoast-schema-graph\">{\"@context\":\"https:\/\/schema.org\",\"@graph\":[{\"@type\":\"WebPage\",\"@id\":\"https:\/\/nyala.info\/fr\/hotel\/le-jardin\/\",\"url\":\"https:\/\/nyala.info\/fr\/hotel\/le-jardin\/\",\"name\":\"H\u00f4tel avec Jardin | Nyala Suite Hotel Hotel 4 \u00e9toiles \u00e0 San Remo\",\"isPartOf\":{\"@id\":\"https:\/\/nyala.info\/fr\/#website\"},\"primaryImageOfPage\":{\"@id\":\"https:\/\/nyala.info\/fr\/hotel\/le-jardin\/#primaryimage\"},\"image\":{\"@id\":\"https:\/\/nyala.info\/fr\/hotel\/le-jardin\/#primaryimage\"},\"thumbnailUrl\":\"https:\/\/nyala.info\/wp-content\/uploads\/2015\/04\/IMG_3727.jpg\",\"datePublished\":\"2016-10-04T17:44:34+00:00\",\"dateModified\":\"2017-07-24T10:36:59+00:00\",\"description\":\"H\u00f4tel avec Jardin: Gr\u00e2ce aux vastes jardins l\u2019entourant, l\u2019H\u00f4tel Nyala Suite de San Remo accueille ses invites dans un environnement plaisant et relaxant\",\"breadcrumb\":{\"@id\":\"https:\/\/nyala.info\/fr\/hotel\/le-jardin\/#breadcrumb\"},\"inLanguage\":\"fr-FR\",\"potentialAction\":[{\"@type\":\"ReadAction\",\"target\":[\"https:\/\/nyala.info\/fr\/hotel\/le-jardin\/\"]}]},{\"@type\":\"ImageObject\",\"inLanguage\":\"fr-FR\",\"@id\":\"https:\/\/nyala.info\/fr\/hotel\/le-jardin\/#primaryimage\",\"url\":\"https:\/\/nyala.info\/wp-content\/uploads\/2015\/04\/IMG_3727.jpg\",\"contentUrl\":\"https:\/\/nyala.info\/wp-content\/uploads\/2015\/04\/IMG_3727.jpg\",\"width\":1620,\"height\":1080,\"caption\":\"giardino, garden, jardin, garten, \u0411\u041e\u0422\u0410\u041d\u0418\u0427\u0415\u0421\u041a\u0418\u0419 \u0421\u0410\u0414\"},{\"@type\":\"BreadcrumbList\",\"@id\":\"https:\/\/nyala.info\/fr\/hotel\/le-jardin\/#breadcrumb\",\"itemListElement\":[{\"@type\":\"ListItem\",\"position\":1,\"name\":\"Home\",\"item\":\"https:\/\/nyala.info\/fr\/\"},{\"@type\":\"ListItem\",\"position\":2,\"name\":\"Hotel\",\"item\":\"https:\/\/nyala.info\/fr\/hotel\/\"},{\"@type\":\"ListItem\",\"position\":3,\"name\":\"H\u00f4tel avec Jardin\"}]},{\"@type\":\"WebSite\",\"@id\":\"https:\/\/nyala.info\/fr\/#website\",\"url\":\"https:\/\/nyala.info\/fr\/\",\"name\":\"Nyala Suite Hotel\",\"description\":\"Hotel 4 \u00e9toiles \u00e0 San Remo\",\"potentialAction\":[{\"@type\":\"SearchAction\",\"target\":{\"@type\":\"EntryPoint\",\"urlTemplate\":\"https:\/\/nyala.info\/fr\/?s={search_term_string}\"},\"query-input\":{\"@type\":\"PropertyValueSpecification\",\"valueRequired\":true,\"valueName\":\"search_term_string\"}}],\"inLanguage\":\"fr-FR\"}]}<\/script>\n<!-- \/ Yoast SEO plugin. -->","yoast_head_json":{"title":"H\u00f4tel avec Jardin | Nyala Suite Hotel Hotel 4 \u00e9toiles \u00e0 San Remo","description":"H\u00f4tel avec Jardin: Gr\u00e2ce aux vastes jardins l\u2019entourant, l\u2019H\u00f4tel Nyala Suite de San Remo accueille ses invites dans un environnement plaisant et relaxant","robots":{"index":"noindex","follow":"follow","max-snippet":"max-snippet:-1","max-image-preview":"max-image-preview:large","max-video-preview":"max-video-preview:-1"},"og_locale":"fr_FR","og_type":"article","og_title":"H\u00f4tel avec Jardin | Nyala Suite Hotel Hotel 4 \u00e9toiles \u00e0 San Remo","og_description":"H\u00f4tel avec Jardin: Gr\u00e2ce aux vastes jardins l\u2019entourant, l\u2019H\u00f4tel Nyala Suite de San Remo accueille ses invites dans un environnement plaisant et relaxant","og_url":"https:\/\/nyala.info\/fr\/hotel\/le-jardin\/","og_site_name":"Nyala Suite Hotel","article_modified_time":"2017-07-24T10:36:59+00:00","og_image":[{"width":1620,"height":1080,"url":"https:\/\/nyala.info\/wp-content\/uploads\/2015\/04\/IMG_3727.jpg","type":"image\/jpeg"}],"twitter_card":"summary_large_image","twitter_misc":{"Est. reading time":"3 minutes"},"schema":{"@context":"https:\/\/schema.org","@graph":[{"@type":"WebPage","@id":"https:\/\/nyala.info\/fr\/hotel\/le-jardin\/","url":"https:\/\/nyala.info\/fr\/hotel\/le-jardin\/","name":"H\u00f4tel avec Jardin | Nyala Suite Hotel Hotel 4 \u00e9toiles \u00e0 San Remo","isPartOf":{"@id":"https:\/\/nyala.info\/fr\/#website"},"primaryImageOfPage":{"@id":"https:\/\/nyala.info\/fr\/hotel\/le-jardin\/#primaryimage"},"image":{"@id":"https:\/\/nyala.info\/fr\/hotel\/le-jardin\/#primaryimage"},"thumbnailUrl":"https:\/\/nyala.info\/wp-content\/uploads\/2015\/04\/IMG_3727.jpg","datePublished":"2016-10-04T17:44:34+00:00","dateModified":"2017-07-24T10:36:59+00:00","description":"H\u00f4tel avec Jardin: Gr\u00e2ce aux vastes jardins l\u2019entourant, l\u2019H\u00f4tel Nyala Suite de San Remo accueille ses invites dans un environnement plaisant et relaxant","breadcrumb":{"@id":"https:\/\/nyala.info\/fr\/hotel\/le-jardin\/#breadcrumb"},"inLanguage":"fr-FR","potentialAction":[{"@type":"ReadAction","target":["https:\/\/nyala.info\/fr\/hotel\/le-jardin\/"]}]},{"@type":"ImageObject","inLanguage":"fr-FR","@id":"https:\/\/nyala.info\/fr\/hotel\/le-jardin\/#primaryimage","url":"https:\/\/nyala.info\/wp-content\/uploads\/2015\/04\/IMG_3727.jpg","contentUrl":"https:\/\/nyala.info\/wp-content\/uploads\/2015\/04\/IMG_3727.jpg","width":1620,"height":1080,"caption":"giardino, garden, jardin, garten, \u0411\u041e\u0422\u0410\u041d\u0418\u0427\u0415\u0421\u041a\u0418\u0419 \u0421\u0410\u0414"},{"@type":"BreadcrumbList","@id":"https:\/\/nyala.info\/fr\/hotel\/le-jardin\/#breadcrumb","itemListElement":[{"@type":"ListItem","position":1,"name":"Home","item":"https:\/\/nyala.info\/fr\/"},{"@type":"ListItem","position":2,"name":"Hotel","item":"https:\/\/nyala.info\/fr\/hotel\/"},{"@type":"ListItem","position":3,"name":"H\u00f4tel avec Jardin"}]},{"@type":"WebSite","@id":"https:\/\/nyala.info\/fr\/#website","url":"https:\/\/nyala.info\/fr\/","name":"Nyala Suite Hotel","description":"Hotel 4 \u00e9toiles \u00e0 San Remo","potentialAction":[{"@type":"SearchAction","target":{"@type":"EntryPoint","urlTemplate":"https:\/\/nyala.info\/fr\/?s={search_term_string}"},"query-input":{"@type":"PropertyValueSpecification","valueRequired":true,"valueName":"search_term_string"}}],"inLanguage":"fr-FR"}]}},"_links":{"self":[{"href":"https:\/\/nyala.info\/fr\/wp-json\/wp\/v2\/pages\/1967"}],"collection":[{"href":"https:\/\/nyala.info\/fr\/wp-json\/wp\/v2\/pages"}],"about":[{"href":"https:\/\/nyala.info\/fr\/wp-json\/wp\/v2\/types\/page"}],"author":[{"embeddable":true,"href":"https:\/\/nyala.info\/fr\/wp-json\/wp\/v2\/users\/3"}],"replies":[{"embeddable":true,"href":"https:\/\/nyala.info\/fr\/wp-json\/wp\/v2\/comments?post=1967"}],"version-history":[{"count":10,"href":"https:\/\/nyala.info\/fr\/wp-json\/wp\/v2\/pages\/1967\/revisions"}],"predecessor-version":[{"id":5655,"href":"https:\/\/nyala.info\/fr\/wp-json\/wp\/v2\/pages\/1967\/revisions\/5655"}],"up":[{"embeddable":true,"href":"https:\/\/nyala.info\/fr\/wp-json\/wp\/v2\/pages\/3266"}],"wp:featuredmedia":[{"embeddable":true,"href":"https:\/\/nyala.info\/fr\/wp-json\/wp\/v2\/media\/1028"}],"wp:attachment":[{"href":"https:\/\/nyala.info\/fr\/wp-json\/wp\/v2\/media?parent=1967"}],"curies":[{"name":"wp","href":"https:\/\/api.w.org\/{rel}","templated":true}]}}