{"id":1916,"date":"2016-10-02T14:04:40","date_gmt":"2016-10-02T12:04:40","guid":{"rendered":"http:\/\/www.nyalahotel.biz\/fr\/?page_id=1916"},"modified":"2017-09-14T11:39:16","modified_gmt":"2017-09-14T09:39:16","slug":"festival-de-sanremo-fevrier","status":"publish","type":"page","link":"https:\/\/nyala.info\/fr\/offres-speciales-pour-vos-vacances\/grands-evenements\/festival-de-sanremo-fevrier\/","title":{"rendered":"Festival de Sanremo (f\u00e9vrier)"},"content":{"rendered":"<h2>Pour la semaine du Festival de Sanremo, profitez des offres sp\u00e9ciales de notre h\u00f4tel 4 \u00e9toiles, quand la ville se transforme en capitale de la chanson italienne.<\/h2>\n<p>\u00c9v\u00e9nement national populaire italien par excellence pour des vacances au rythme de la musique, le Festival de la Chanson Italienne est un spectacle \u00e0 la fois \u00e0 l\u2019int\u00e9rieur et \u00e0 l\u2019ext\u00e9rieur du Th\u00e9\u00e2tre Ariston, dans une ville enti\u00e8re en f\u00eate.<\/p>\n<p>DATES DU FESTIVAL<\/p>\n<p>G\u00e9n\u00e9ralement, le festival \u00e0 lieu au mois de f\u00e9vrier.<br \/>\nLes dates sont annonc\u00e9es chaque ann\u00e9e \u00e0 la fin du mois d&#8217;octobre.<\/p>\n<p>BILLETS POUR LE FESTIVAL<\/p>\n<p>Les billets pour le Festival de Sanremo sont g\u00e9r\u00e9s par la RAI\u00a0: Si vous d\u00e9sirez en r\u00e9server, nous souhaitons vous signaler que notre h\u00f4tel a acc\u00e8s \u00e0 la phase de pr\u00e9vente r\u00e9serv\u00e9e \u00e0 la Ville de Sanremo, qui se termine le 20 d\u00e9cembre.<\/p>\n<p>Nous vous prions donc de nous contacter suffisamment \u00e0 l\u2019avance pour garantir la disponibilit\u00e9, les proc\u00e9dures de r\u00e9servation et les tarifs indiqu\u00e9s.<\/p>\n<p>Cependant, nous pouvons parfois avoir des annulations de nos clients habitu\u00e9s\u00a0; ainsi, n\u2019h\u00e9sitez pas \u00e0 nous contacter\u00a0!<\/p>\n<p>OFFRE SPECIALE<\/p>\n<p>Notre offre sp\u00e9ciale comprend<\/p>\n<ul>\n<li>Offre 8&#215;7 =un jour suppl\u00e9mentaire gratuit pour un s\u00e9jour d&#8217;une semaine.<\/li>\n<li>S\u00e9jour en demi-pension avec :\n<ul>\n<li>petit-d\u00e9jeuner sous forme de buffet<\/li>\n<li>d\u00e9jeuner ou d\u00eener \u00e0 la carte<\/li>\n<\/ul>\n<\/li>\n<li>Jusqu&#8217;\u00e0 2 enfants gratuits en chambre avec les parents !<\/li>\n<li>Vos animaux domestiques sont les bienvenus et s\u00e9journent gratuitement!<\/li>\n<\/ul>\n<p>Notre offre comprend \u00e9galement :<\/p>\n<ul>\n<li>Service en chambre sans suppl\u00e9ment<\/li>\n<li>La navette depuis et vers le centre-ville de 9h \u00e0 21h<\/li>\n<li>1 bon pour le taxi (un par jour) \u00e0 utiliser en-dehors des horaires de la navette.<\/li>\n<li>Le parking priv\u00e9, en fonction des disponibilit\u00e9s.<\/li>\n<li>Un bon \u00e0 transformer en fiches pour tenter votre chance au Casino de Sanremo<\/li>\n<\/ul>\n<p>Durant la p\u00e9riode du Festival, notre restaurant Asmara est ouvert selon des horaires am\u00e9nag\u00e9s :<\/p>\n<ul>\n<li>petit-d\u00e9jeuner buffet jusqu&#8217;\u00e0 14h ;<\/li>\n<li>d\u00e9jeuner de 12h30 \u00e0 15h ;<\/li>\n<li>d\u00eener de 19h \u00e0 23h ;<\/li>\n<li>service bar avec sandwiches et plats froids 24\/24h<\/li>\n<\/ul>\n<p class=\"small\">CONDITIONS DE R\u00c9SERVATION<\/p>\n<p class=\"small\">Dur\u00e9e minimale du s\u00e9jour : 2 nuits jusqu&#8217;au mercredi, 4 nuits \u00e0 partir du jeudi et jusqu&#8217;au samedi.<br \/>\nDur\u00e9e maximale du s\u00e9jour : 14 nuits.<br \/>\nCette offre est disponible uniquement pour les r\u00e9servations en ligne et pour un nombre de places limit\u00e9.<br \/>\nL&#8217;offre est valable uniquement pendant la p\u00e9riode du festival.<br \/>\nToutes les r\u00e9ductions propos\u00e9es sont calcul\u00e9es automatiquement par notre logiciel de r\u00e9servation.<br \/>\nL&#8217;offre peut subir quelques variations au cours de l&#8217;ann\u00e9e et ce sans pr\u00e9avis.<br \/>\nEn cas de r\u00e9clamation, les tarifs propos\u00e9s par notre logiciel de r\u00e9servation feront foi.<br \/>\nCaution : 100%.<br \/>\nAnnulation gratuite jusqu&#8217;\u00e0 45 jours avant votre arriv\u00e9e ; 50% jusqu&#8217;\u00e0 21 jours, 75% jusqu&#8217;\u00e0 15 jours et 100% dans les 14 derniers jours avant votre arriv\u00e9e.<br \/>\nP\u00e9nalit\u00e9 en cas d&#8217;annulation tardive, de non-pr\u00e9sentation ou de d\u00e9part anticip\u00e9: 100%.<\/p>\n","protected":false},"excerpt":{"rendered":"<p>Pour la semaine du Festival de Sanremo, profitez des offres sp\u00e9ciales de notre h\u00f4tel 4 \u00e9toiles, quand la ville se transforme en capitale de la chanson italienne. \u00c9v\u00e9nement national populaire italien par excellence pour des vacances au rythme de la musique, le Festival de la Chanson Italienne est un spectacle \u00e0 la fois \u00e0 l\u2019int\u00e9rieur [&hellip;]<\/p>\n","protected":false},"author":3,"featured_media":1087,"parent":3305,"menu_order":23,"comment_status":"open","ping_status":"closed","template":"","meta":{"_acf_changed":false,"footnotes":""},"class_list":["post-1916","page","type-page","status-publish","has-post-thumbnail","hentry"],"acf":[],"yoast_head":"<!-- This site is optimized with the Yoast SEO plugin v25.6 - https:\/\/yoast.com\/wordpress\/plugins\/seo\/ -->\n<title>Festival de Sanremo (f\u00e9vrier) | Nyala Suite Hotel Hotel 4 \u00e9toiles \u00e0 San Remo<\/title>\n<meta name=\"robots\" content=\"noindex, follow, max-snippet:-1, max-image-preview:large, max-video-preview:-1\" \/>\n<meta property=\"og:locale\" content=\"fr_FR\" \/>\n<meta property=\"og:type\" content=\"article\" \/>\n<meta property=\"og:title\" content=\"Festival de Sanremo (f\u00e9vrier) | Nyala Suite Hotel Hotel 4 \u00e9toiles \u00e0 San Remo\" \/>\n<meta property=\"og:description\" content=\"Pour la semaine du Festival de Sanremo, profitez des offres sp\u00e9ciales de notre h\u00f4tel 4 \u00e9toiles, quand la ville se transforme en capitale de la chanson italienne. \u00c9v\u00e9nement national populaire italien par excellence pour des vacances au rythme de la musique, le Festival de la Chanson Italienne est un spectacle \u00e0 la fois \u00e0 l\u2019int\u00e9rieur [&hellip;]\" \/>\n<meta property=\"og:url\" content=\"https:\/\/nyala.info\/fr\/offres-speciales-pour-vos-vacances\/grands-evenements\/festival-de-sanremo-fevrier\/\" \/>\n<meta property=\"og:site_name\" content=\"Nyala Suite Hotel\" \/>\n<meta property=\"article:modified_time\" content=\"2017-09-14T09:39:16+00:00\" \/>\n<meta property=\"og:image\" content=\"https:\/\/nyala.info\/wp-content\/uploads\/2015\/04\/aristonsanremo3.jpg\" \/>\n\t<meta property=\"og:image:width\" content=\"1620\" \/>\n\t<meta property=\"og:image:height\" content=\"1080\" \/>\n\t<meta property=\"og:image:type\" content=\"image\/jpeg\" \/>\n<meta name=\"twitter:card\" content=\"summary_large_image\" \/>\n<meta name=\"twitter:label1\" content=\"Est. reading time\" \/>\n\t<meta name=\"twitter:data1\" content=\"2 minutes\" \/>\n<script type=\"application\/ld+json\" class=\"yoast-schema-graph\">{\"@context\":\"https:\/\/schema.org\",\"@graph\":[{\"@type\":\"WebPage\",\"@id\":\"https:\/\/nyala.info\/fr\/offres-speciales-pour-vos-vacances\/grands-evenements\/festival-de-sanremo-fevrier\/\",\"url\":\"https:\/\/nyala.info\/fr\/offres-speciales-pour-vos-vacances\/grands-evenements\/festival-de-sanremo-fevrier\/\",\"name\":\"Festival de Sanremo (f\u00e9vrier) | Nyala Suite Hotel Hotel 4 \u00e9toiles \u00e0 San Remo\",\"isPartOf\":{\"@id\":\"https:\/\/nyala.info\/fr\/#website\"},\"primaryImageOfPage\":{\"@id\":\"https:\/\/nyala.info\/fr\/offres-speciales-pour-vos-vacances\/grands-evenements\/festival-de-sanremo-fevrier\/#primaryimage\"},\"image\":{\"@id\":\"https:\/\/nyala.info\/fr\/offres-speciales-pour-vos-vacances\/grands-evenements\/festival-de-sanremo-fevrier\/#primaryimage\"},\"thumbnailUrl\":\"https:\/\/nyala.info\/wp-content\/uploads\/2015\/04\/aristonsanremo3.jpg\",\"datePublished\":\"2016-10-02T12:04:40+00:00\",\"dateModified\":\"2017-09-14T09:39:16+00:00\",\"breadcrumb\":{\"@id\":\"https:\/\/nyala.info\/fr\/offres-speciales-pour-vos-vacances\/grands-evenements\/festival-de-sanremo-fevrier\/#breadcrumb\"},\"inLanguage\":\"fr-FR\",\"potentialAction\":[{\"@type\":\"ReadAction\",\"target\":[\"https:\/\/nyala.info\/fr\/offres-speciales-pour-vos-vacances\/grands-evenements\/festival-de-sanremo-fevrier\/\"]}]},{\"@type\":\"ImageObject\",\"inLanguage\":\"fr-FR\",\"@id\":\"https:\/\/nyala.info\/fr\/offres-speciales-pour-vos-vacances\/grands-evenements\/festival-de-sanremo-fevrier\/#primaryimage\",\"url\":\"https:\/\/nyala.info\/wp-content\/uploads\/2015\/04\/aristonsanremo3.jpg\",\"contentUrl\":\"https:\/\/nyala.info\/wp-content\/uploads\/2015\/04\/aristonsanremo3.jpg\",\"width\":1620,\"height\":1080,\"caption\":\"ariston festival sanremo, \u0424\u0435\u0441\u0442\u0438\u0432\u0430\u043b\u044c \u043f\u0435\u0441\u043d\u0438\"},{\"@type\":\"BreadcrumbList\",\"@id\":\"https:\/\/nyala.info\/fr\/offres-speciales-pour-vos-vacances\/grands-evenements\/festival-de-sanremo-fevrier\/#breadcrumb\",\"itemListElement\":[{\"@type\":\"ListItem\",\"position\":1,\"name\":\"Home\",\"item\":\"https:\/\/nyala.info\/fr\/\"},{\"@type\":\"ListItem\",\"position\":2,\"name\":\"Offres sp\u00e9ciales pour vos vacances\",\"item\":\"https:\/\/nyala.info\/fr\/offres-speciales-pour-vos-vacances\/\"},{\"@type\":\"ListItem\",\"position\":3,\"name\":\"Grands \u00e9v\u00e8nements\",\"item\":\"https:\/\/nyala.info\/fr\/offres-speciales-pour-vos-vacances\/grands-evenements\/\"},{\"@type\":\"ListItem\",\"position\":4,\"name\":\"Festival de Sanremo (f\u00e9vrier)\"}]},{\"@type\":\"WebSite\",\"@id\":\"https:\/\/nyala.info\/fr\/#website\",\"url\":\"https:\/\/nyala.info\/fr\/\",\"name\":\"Nyala Suite Hotel\",\"description\":\"Hotel 4 \u00e9toiles \u00e0 San Remo\",\"potentialAction\":[{\"@type\":\"SearchAction\",\"target\":{\"@type\":\"EntryPoint\",\"urlTemplate\":\"https:\/\/nyala.info\/fr\/?s={search_term_string}\"},\"query-input\":{\"@type\":\"PropertyValueSpecification\",\"valueRequired\":true,\"valueName\":\"search_term_string\"}}],\"inLanguage\":\"fr-FR\"}]}<\/script>\n<!-- \/ Yoast SEO plugin. -->","yoast_head_json":{"title":"Festival de Sanremo (f\u00e9vrier) | Nyala Suite Hotel Hotel 4 \u00e9toiles \u00e0 San Remo","robots":{"index":"noindex","follow":"follow","max-snippet":"max-snippet:-1","max-image-preview":"max-image-preview:large","max-video-preview":"max-video-preview:-1"},"og_locale":"fr_FR","og_type":"article","og_title":"Festival de Sanremo (f\u00e9vrier) | Nyala Suite Hotel Hotel 4 \u00e9toiles \u00e0 San Remo","og_description":"Pour la semaine du Festival de Sanremo, profitez des offres sp\u00e9ciales de notre h\u00f4tel 4 \u00e9toiles, quand la ville se transforme en capitale de la chanson italienne. \u00c9v\u00e9nement national populaire italien par excellence pour des vacances au rythme de la musique, le Festival de la Chanson Italienne est un spectacle \u00e0 la fois \u00e0 l\u2019int\u00e9rieur [&hellip;]","og_url":"https:\/\/nyala.info\/fr\/offres-speciales-pour-vos-vacances\/grands-evenements\/festival-de-sanremo-fevrier\/","og_site_name":"Nyala Suite Hotel","article_modified_time":"2017-09-14T09:39:16+00:00","og_image":[{"width":1620,"height":1080,"url":"https:\/\/nyala.info\/wp-content\/uploads\/2015\/04\/aristonsanremo3.jpg","type":"image\/jpeg"}],"twitter_card":"summary_large_image","twitter_misc":{"Est. reading time":"2 minutes"},"schema":{"@context":"https:\/\/schema.org","@graph":[{"@type":"WebPage","@id":"https:\/\/nyala.info\/fr\/offres-speciales-pour-vos-vacances\/grands-evenements\/festival-de-sanremo-fevrier\/","url":"https:\/\/nyala.info\/fr\/offres-speciales-pour-vos-vacances\/grands-evenements\/festival-de-sanremo-fevrier\/","name":"Festival de Sanremo (f\u00e9vrier) | Nyala Suite Hotel Hotel 4 \u00e9toiles \u00e0 San Remo","isPartOf":{"@id":"https:\/\/nyala.info\/fr\/#website"},"primaryImageOfPage":{"@id":"https:\/\/nyala.info\/fr\/offres-speciales-pour-vos-vacances\/grands-evenements\/festival-de-sanremo-fevrier\/#primaryimage"},"image":{"@id":"https:\/\/nyala.info\/fr\/offres-speciales-pour-vos-vacances\/grands-evenements\/festival-de-sanremo-fevrier\/#primaryimage"},"thumbnailUrl":"https:\/\/nyala.info\/wp-content\/uploads\/2015\/04\/aristonsanremo3.jpg","datePublished":"2016-10-02T12:04:40+00:00","dateModified":"2017-09-14T09:39:16+00:00","breadcrumb":{"@id":"https:\/\/nyala.info\/fr\/offres-speciales-pour-vos-vacances\/grands-evenements\/festival-de-sanremo-fevrier\/#breadcrumb"},"inLanguage":"fr-FR","potentialAction":[{"@type":"ReadAction","target":["https:\/\/nyala.info\/fr\/offres-speciales-pour-vos-vacances\/grands-evenements\/festival-de-sanremo-fevrier\/"]}]},{"@type":"ImageObject","inLanguage":"fr-FR","@id":"https:\/\/nyala.info\/fr\/offres-speciales-pour-vos-vacances\/grands-evenements\/festival-de-sanremo-fevrier\/#primaryimage","url":"https:\/\/nyala.info\/wp-content\/uploads\/2015\/04\/aristonsanremo3.jpg","contentUrl":"https:\/\/nyala.info\/wp-content\/uploads\/2015\/04\/aristonsanremo3.jpg","width":1620,"height":1080,"caption":"ariston festival sanremo, \u0424\u0435\u0441\u0442\u0438\u0432\u0430\u043b\u044c \u043f\u0435\u0441\u043d\u0438"},{"@type":"BreadcrumbList","@id":"https:\/\/nyala.info\/fr\/offres-speciales-pour-vos-vacances\/grands-evenements\/festival-de-sanremo-fevrier\/#breadcrumb","itemListElement":[{"@type":"ListItem","position":1,"name":"Home","item":"https:\/\/nyala.info\/fr\/"},{"@type":"ListItem","position":2,"name":"Offres sp\u00e9ciales pour vos vacances","item":"https:\/\/nyala.info\/fr\/offres-speciales-pour-vos-vacances\/"},{"@type":"ListItem","position":3,"name":"Grands \u00e9v\u00e8nements","item":"https:\/\/nyala.info\/fr\/offres-speciales-pour-vos-vacances\/grands-evenements\/"},{"@type":"ListItem","position":4,"name":"Festival de Sanremo (f\u00e9vrier)"}]},{"@type":"WebSite","@id":"https:\/\/nyala.info\/fr\/#website","url":"https:\/\/nyala.info\/fr\/","name":"Nyala Suite Hotel","description":"Hotel 4 \u00e9toiles \u00e0 San Remo","potentialAction":[{"@type":"SearchAction","target":{"@type":"EntryPoint","urlTemplate":"https:\/\/nyala.info\/fr\/?s={search_term_string}"},"query-input":{"@type":"PropertyValueSpecification","valueRequired":true,"valueName":"search_term_string"}}],"inLanguage":"fr-FR"}]}},"_links":{"self":[{"href":"https:\/\/nyala.info\/fr\/wp-json\/wp\/v2\/pages\/1916"}],"collection":[{"href":"https:\/\/nyala.info\/fr\/wp-json\/wp\/v2\/pages"}],"about":[{"href":"https:\/\/nyala.info\/fr\/wp-json\/wp\/v2\/types\/page"}],"author":[{"embeddable":true,"href":"https:\/\/nyala.info\/fr\/wp-json\/wp\/v2\/users\/3"}],"replies":[{"embeddable":true,"href":"https:\/\/nyala.info\/fr\/wp-json\/wp\/v2\/comments?post=1916"}],"version-history":[{"count":4,"href":"https:\/\/nyala.info\/fr\/wp-json\/wp\/v2\/pages\/1916\/revisions"}],"predecessor-version":[{"id":5965,"href":"https:\/\/nyala.info\/fr\/wp-json\/wp\/v2\/pages\/1916\/revisions\/5965"}],"up":[{"embeddable":true,"href":"https:\/\/nyala.info\/fr\/wp-json\/wp\/v2\/pages\/3305"}],"wp:featuredmedia":[{"embeddable":true,"href":"https:\/\/nyala.info\/fr\/wp-json\/wp\/v2\/media\/1087"}],"wp:attachment":[{"href":"https:\/\/nyala.info\/fr\/wp-json\/wp\/v2\/media?parent=1916"}],"curies":[{"name":"wp","href":"https:\/\/api.w.org\/{rel}","templated":true}]}}