{"id":1902,"date":"2016-10-02T13:25:40","date_gmt":"2016-10-02T11:25:40","guid":{"rendered":"http:\/\/www.nyalahotel.biz\/fr\/?page_id=1902"},"modified":"2018-12-28T15:39:50","modified_gmt":"2018-12-28T14:39:50","slug":"carnaval-sur-la-cote-dazur-fevrier","status":"publish","type":"page","link":"https:\/\/nyala.info\/fr\/offres-speciales-pour-vos-vacances\/grands-evenements\/carnaval-sur-la-cote-dazur-fevrier\/","title":{"rendered":"Carnaval sur la C\u00f4te d&#8217;Azur"},"content":{"rendered":"<h2 style=\"text-align: center;\">Carnaval sur la C\u00f4te d&#8217;Azur<\/h2>\n<p style=\"text-align: center;\">R\u00e9servez d\u00e8s maintenant votre s\u00e9jour \u00e0 Sanremo dans notre h\u00f4tel 4 \u00e9toiles pour participer aux d\u00e9fil\u00e9s des Carnavals de la C\u00f4te d\u2019Azur, avec les chars du Carnaval de Nice et de la F\u00eate des Citrons de Menton.<\/p>\n<ul class=\"tabs\">\n<li class=\"tab-link current\" data-tab=\"tab-1\">Reserver<\/li>\n<li class=\"tab-link\" data-tab=\"tab-2\">Notre offre comprend<\/li>\n<li class=\"tab-link\" data-tab=\"tab-3\">Conditions de r\u00e9servation<\/li>\n<\/ul>\n<div id=\"tab-1\" class=\"tab-content current\">\n<p><strong>LE CHARME DE LA RIVIERA POUR UN S\u00c9JOUR SOUS LE SIGNE DU DIVERTISSEMENT.<\/strong><\/p>\n<p>Le Carnaval de la C\u00f4te d\u2019Azur est connu dans le monde entier, avec les traditions de la F\u00eate des Citrons de Menton et du Carnaval de Nice. Choisir Sanremo comme base de votre s\u00e9jour est particuli\u00e8rement adapt\u00e9 pour rester en-dehors du chaos tout en rejoignant facilement les villes fran\u00e7aises en voiture ou en train.<\/p>\n<a class=\"maxbutton-3 maxbutton maxbutton-reserver\" target=\"_blank\" rel=\"noopener\" href=\"http:\/\/www.nyalahotel.com\/fr\/reserver\/\"><span class='mb-text'>Reserver<\/span><\/a>\n<\/div>\n<div id=\"tab-2\" class=\"tab-content\">\nNotre offre sp\u00e9ciale comprend\u00a0:<\/p>\n<ul>\n<li style=\"list-style-type: none;\">\n<ul>\n<li>Formule 4&#215;3 = restez 4 nuits et payez-en 3 seulement !<\/li>\n<\/ul>\n<\/li>\n<\/ul>\n<ul>\n<li>Jusqu&#8217;\u00e0 2 enfants gratuits en chambre avec les parents !<\/li>\n<li>Vos animaux de compagnie sont les bienvenus et s\u00e9journent gratuitement !<\/li>\n<li>S\u00e9jour en demi-pension avec\n<ul>\n<li>petit-d\u00e9jeuner sous forme de buffet<\/li>\n<li>d\u00eener en fonction du menu du jour<\/li>\n<\/ul>\n<\/li>\n<\/ul>\n<p>L&#8217;offre comprend aussi :<\/p>\n<ul>\n<li>Le transfert depuis et vers la gare ferroviaire, \u00e0 l&#8217;arriv\u00e9e comme au d\u00e9part<\/li>\n<li>Le parking priv\u00e9, en fonction des disponibilit\u00e9s<\/li>\n<li>Un bon \u00e0 transformer en fiches pour tenter votre chance au Casino de Sanremo.<\/li>\n<\/ul>\n<\/div>\n<div id=\"tab-3\" class=\"tab-content\">\n<p>CONDITIONS DE R\u00c9SERVATION.<\/p>\n<p>Dur\u00e9e minimale du s\u00e9jour : 2 nuits.<br \/>\nDur\u00e9e maximale du s\u00e9jour : 8 nuits.<br \/>\nCette offre est disponible uniquement pour les r\u00e9servations en ligne et pour un nombre limit\u00e9 de places.<br \/>\nCette offre est valable uniquement pendant la p\u00e9riode de la manifestation.<br \/>\nToutes les r\u00e9ductions propos\u00e9es sont calcul\u00e9es automatiquement par notre logiciel de r\u00e9servation.<br \/>\nL&#8217;offre peut subir quelques modifications au cours de l\u2019ann\u00e9e et ce sans pr\u00e9avis.<br \/>\nEn cas de r\u00e9clamation, les tarifs propos\u00e9s par notre logiciel de r\u00e9servation feront foi.<br \/>\nCaution : 25% (min. 1 nuit).<br \/>\nAnnulation gratuite jusqu\u2019\u00e0 3 jours avant votre arriv\u00e9e.<br \/>\nP\u00e9nalit\u00e9 en cas d\u2019annulation tardive, de non-pr\u00e9sentation ou de d\u00e9part anticip\u00e9 : 100%<\/p>\n<\/div>\n<p><!-- container --><br \/>\n<script type=\"text\/javascript\">\n\tjQuery(document).ready(function(){\t\n\tjQuery('ul.tabs li').click(function(){\n\t\tvar tab_id = jQuery(this).attr('data-tab');\n\t\tjQuery('ul.tabs li').removeClass('current');\n\t\tjQuery('.tab-content').removeClass('current');\n\t\tjQuery(this).addClass('current');\n\t\tjQuery(\"#\"+tab_id).addClass('current');\n\t})\n})\n<\/script><\/p>\n","protected":false},"excerpt":{"rendered":"<p>Carnaval sur la C\u00f4te d&#8217;Azur R\u00e9servez d\u00e8s maintenant votre s\u00e9jour \u00e0 Sanremo dans notre h\u00f4tel 4 \u00e9toiles pour participer aux d\u00e9fil\u00e9s des Carnavals de la C\u00f4te d\u2019Azur, avec les chars du Carnaval de Nice et de la F\u00eate des Citrons de Menton. Reserver Notre offre comprend Conditions de r\u00e9servation LE CHARME DE LA RIVIERA POUR [&hellip;]<\/p>\n","protected":false},"author":3,"featured_media":1084,"parent":3305,"menu_order":23,"comment_status":"open","ping_status":"closed","template":"","meta":{"_acf_changed":false,"footnotes":""},"class_list":["post-1902","page","type-page","status-publish","has-post-thumbnail","hentry"],"acf":[],"yoast_head":"<!-- This site is optimized with the Yoast SEO plugin v25.6 - https:\/\/yoast.com\/wordpress\/plugins\/seo\/ -->\n<title>Carnaval sur la C\u00f4te d&#039;Azur | Nyala Suite Hotel Hotel 4 \u00e9toiles \u00e0 San Remo<\/title>\n<meta name=\"description\" content=\"R\u00e9servez votre s\u00e9jour \u00e0 Sanremo dans notre h\u00f4tel 4 \u00e9toiles pour participer aux d\u00e9fil\u00e9s des Carnaval de Nice et de la F\u00eate des Citrons de Menton.\" \/>\n<meta name=\"robots\" content=\"noindex, follow, max-snippet:-1, max-image-preview:large, max-video-preview:-1\" \/>\n<meta property=\"og:locale\" content=\"fr_FR\" \/>\n<meta property=\"og:type\" content=\"article\" \/>\n<meta property=\"og:title\" content=\"Carnaval sur la C\u00f4te d&#039;Azur | Nyala Suite Hotel Hotel 4 \u00e9toiles \u00e0 San Remo\" \/>\n<meta property=\"og:description\" content=\"R\u00e9servez votre s\u00e9jour \u00e0 Sanremo dans notre h\u00f4tel 4 \u00e9toiles pour participer aux d\u00e9fil\u00e9s des Carnaval de Nice et de la F\u00eate des Citrons de Menton.\" \/>\n<meta property=\"og:url\" content=\"https:\/\/nyala.info\/fr\/offres-speciales-pour-vos-vacances\/grands-evenements\/carnaval-sur-la-cote-dazur-fevrier\/\" \/>\n<meta property=\"og:site_name\" content=\"Nyala Suite Hotel\" \/>\n<meta property=\"article:modified_time\" content=\"2018-12-28T14:39:50+00:00\" \/>\n<meta property=\"og:image\" content=\"https:\/\/nyala.info\/wp-content\/uploads\/2015\/04\/carnevalefrench.jpg\" \/>\n\t<meta property=\"og:image:width\" content=\"1620\" \/>\n\t<meta property=\"og:image:height\" content=\"1080\" \/>\n\t<meta property=\"og:image:type\" content=\"image\/jpeg\" \/>\n<meta name=\"twitter:card\" content=\"summary_large_image\" \/>\n<meta name=\"twitter:label1\" content=\"Est. reading time\" \/>\n\t<meta name=\"twitter:data1\" content=\"2 minutes\" \/>\n<script type=\"application\/ld+json\" class=\"yoast-schema-graph\">{\"@context\":\"https:\/\/schema.org\",\"@graph\":[{\"@type\":\"WebPage\",\"@id\":\"https:\/\/nyala.info\/fr\/offres-speciales-pour-vos-vacances\/grands-evenements\/carnaval-sur-la-cote-dazur-fevrier\/\",\"url\":\"https:\/\/nyala.info\/fr\/offres-speciales-pour-vos-vacances\/grands-evenements\/carnaval-sur-la-cote-dazur-fevrier\/\",\"name\":\"Carnaval sur la C\u00f4te d'Azur | Nyala Suite Hotel Hotel 4 \u00e9toiles \u00e0 San Remo\",\"isPartOf\":{\"@id\":\"https:\/\/nyala.info\/fr\/#website\"},\"primaryImageOfPage\":{\"@id\":\"https:\/\/nyala.info\/fr\/offres-speciales-pour-vos-vacances\/grands-evenements\/carnaval-sur-la-cote-dazur-fevrier\/#primaryimage\"},\"image\":{\"@id\":\"https:\/\/nyala.info\/fr\/offres-speciales-pour-vos-vacances\/grands-evenements\/carnaval-sur-la-cote-dazur-fevrier\/#primaryimage\"},\"thumbnailUrl\":\"https:\/\/nyala.info\/wp-content\/uploads\/2015\/04\/carnevalefrench.jpg\",\"datePublished\":\"2016-10-02T11:25:40+00:00\",\"dateModified\":\"2018-12-28T14:39:50+00:00\",\"description\":\"R\u00e9servez votre s\u00e9jour \u00e0 Sanremo dans notre h\u00f4tel 4 \u00e9toiles pour participer aux d\u00e9fil\u00e9s des Carnaval de Nice et de la F\u00eate des Citrons de Menton.\",\"breadcrumb\":{\"@id\":\"https:\/\/nyala.info\/fr\/offres-speciales-pour-vos-vacances\/grands-evenements\/carnaval-sur-la-cote-dazur-fevrier\/#breadcrumb\"},\"inLanguage\":\"fr-FR\",\"potentialAction\":[{\"@type\":\"ReadAction\",\"target\":[\"https:\/\/nyala.info\/fr\/offres-speciales-pour-vos-vacances\/grands-evenements\/carnaval-sur-la-cote-dazur-fevrier\/\"]}]},{\"@type\":\"ImageObject\",\"inLanguage\":\"fr-FR\",\"@id\":\"https:\/\/nyala.info\/fr\/offres-speciales-pour-vos-vacances\/grands-evenements\/carnaval-sur-la-cote-dazur-fevrier\/#primaryimage\",\"url\":\"https:\/\/nyala.info\/wp-content\/uploads\/2015\/04\/carnevalefrench.jpg\",\"contentUrl\":\"https:\/\/nyala.info\/wp-content\/uploads\/2015\/04\/carnevalefrench.jpg\",\"width\":1620,\"height\":1080,\"caption\":\"carnival nice, karneval, \u041a\u0430\u0440\u043d\u0430\u0432\u0430\u043b\"},{\"@type\":\"BreadcrumbList\",\"@id\":\"https:\/\/nyala.info\/fr\/offres-speciales-pour-vos-vacances\/grands-evenements\/carnaval-sur-la-cote-dazur-fevrier\/#breadcrumb\",\"itemListElement\":[{\"@type\":\"ListItem\",\"position\":1,\"name\":\"Home\",\"item\":\"https:\/\/nyala.info\/fr\/\"},{\"@type\":\"ListItem\",\"position\":2,\"name\":\"Offres sp\u00e9ciales pour vos vacances\",\"item\":\"https:\/\/nyala.info\/fr\/offres-speciales-pour-vos-vacances\/\"},{\"@type\":\"ListItem\",\"position\":3,\"name\":\"Grands \u00e9v\u00e8nements\",\"item\":\"https:\/\/nyala.info\/fr\/offres-speciales-pour-vos-vacances\/grands-evenements\/\"},{\"@type\":\"ListItem\",\"position\":4,\"name\":\"Carnaval sur la C\u00f4te d&#8217;Azur\"}]},{\"@type\":\"WebSite\",\"@id\":\"https:\/\/nyala.info\/fr\/#website\",\"url\":\"https:\/\/nyala.info\/fr\/\",\"name\":\"Nyala Suite Hotel\",\"description\":\"Hotel 4 \u00e9toiles \u00e0 San Remo\",\"potentialAction\":[{\"@type\":\"SearchAction\",\"target\":{\"@type\":\"EntryPoint\",\"urlTemplate\":\"https:\/\/nyala.info\/fr\/?s={search_term_string}\"},\"query-input\":{\"@type\":\"PropertyValueSpecification\",\"valueRequired\":true,\"valueName\":\"search_term_string\"}}],\"inLanguage\":\"fr-FR\"}]}<\/script>\n<!-- \/ Yoast SEO plugin. -->","yoast_head_json":{"title":"Carnaval sur la C\u00f4te d'Azur | Nyala Suite Hotel Hotel 4 \u00e9toiles \u00e0 San Remo","description":"R\u00e9servez votre s\u00e9jour \u00e0 Sanremo dans notre h\u00f4tel 4 \u00e9toiles pour participer aux d\u00e9fil\u00e9s des Carnaval de Nice et de la F\u00eate des Citrons de Menton.","robots":{"index":"noindex","follow":"follow","max-snippet":"max-snippet:-1","max-image-preview":"max-image-preview:large","max-video-preview":"max-video-preview:-1"},"og_locale":"fr_FR","og_type":"article","og_title":"Carnaval sur la C\u00f4te d'Azur | Nyala Suite Hotel Hotel 4 \u00e9toiles \u00e0 San Remo","og_description":"R\u00e9servez votre s\u00e9jour \u00e0 Sanremo dans notre h\u00f4tel 4 \u00e9toiles pour participer aux d\u00e9fil\u00e9s des Carnaval de Nice et de la F\u00eate des Citrons de Menton.","og_url":"https:\/\/nyala.info\/fr\/offres-speciales-pour-vos-vacances\/grands-evenements\/carnaval-sur-la-cote-dazur-fevrier\/","og_site_name":"Nyala Suite Hotel","article_modified_time":"2018-12-28T14:39:50+00:00","og_image":[{"width":1620,"height":1080,"url":"https:\/\/nyala.info\/wp-content\/uploads\/2015\/04\/carnevalefrench.jpg","type":"image\/jpeg"}],"twitter_card":"summary_large_image","twitter_misc":{"Est. reading time":"2 minutes"},"schema":{"@context":"https:\/\/schema.org","@graph":[{"@type":"WebPage","@id":"https:\/\/nyala.info\/fr\/offres-speciales-pour-vos-vacances\/grands-evenements\/carnaval-sur-la-cote-dazur-fevrier\/","url":"https:\/\/nyala.info\/fr\/offres-speciales-pour-vos-vacances\/grands-evenements\/carnaval-sur-la-cote-dazur-fevrier\/","name":"Carnaval sur la C\u00f4te d'Azur | Nyala Suite Hotel Hotel 4 \u00e9toiles \u00e0 San Remo","isPartOf":{"@id":"https:\/\/nyala.info\/fr\/#website"},"primaryImageOfPage":{"@id":"https:\/\/nyala.info\/fr\/offres-speciales-pour-vos-vacances\/grands-evenements\/carnaval-sur-la-cote-dazur-fevrier\/#primaryimage"},"image":{"@id":"https:\/\/nyala.info\/fr\/offres-speciales-pour-vos-vacances\/grands-evenements\/carnaval-sur-la-cote-dazur-fevrier\/#primaryimage"},"thumbnailUrl":"https:\/\/nyala.info\/wp-content\/uploads\/2015\/04\/carnevalefrench.jpg","datePublished":"2016-10-02T11:25:40+00:00","dateModified":"2018-12-28T14:39:50+00:00","description":"R\u00e9servez votre s\u00e9jour \u00e0 Sanremo dans notre h\u00f4tel 4 \u00e9toiles pour participer aux d\u00e9fil\u00e9s des Carnaval de Nice et de la F\u00eate des Citrons de Menton.","breadcrumb":{"@id":"https:\/\/nyala.info\/fr\/offres-speciales-pour-vos-vacances\/grands-evenements\/carnaval-sur-la-cote-dazur-fevrier\/#breadcrumb"},"inLanguage":"fr-FR","potentialAction":[{"@type":"ReadAction","target":["https:\/\/nyala.info\/fr\/offres-speciales-pour-vos-vacances\/grands-evenements\/carnaval-sur-la-cote-dazur-fevrier\/"]}]},{"@type":"ImageObject","inLanguage":"fr-FR","@id":"https:\/\/nyala.info\/fr\/offres-speciales-pour-vos-vacances\/grands-evenements\/carnaval-sur-la-cote-dazur-fevrier\/#primaryimage","url":"https:\/\/nyala.info\/wp-content\/uploads\/2015\/04\/carnevalefrench.jpg","contentUrl":"https:\/\/nyala.info\/wp-content\/uploads\/2015\/04\/carnevalefrench.jpg","width":1620,"height":1080,"caption":"carnival nice, karneval, \u041a\u0430\u0440\u043d\u0430\u0432\u0430\u043b"},{"@type":"BreadcrumbList","@id":"https:\/\/nyala.info\/fr\/offres-speciales-pour-vos-vacances\/grands-evenements\/carnaval-sur-la-cote-dazur-fevrier\/#breadcrumb","itemListElement":[{"@type":"ListItem","position":1,"name":"Home","item":"https:\/\/nyala.info\/fr\/"},{"@type":"ListItem","position":2,"name":"Offres sp\u00e9ciales pour vos vacances","item":"https:\/\/nyala.info\/fr\/offres-speciales-pour-vos-vacances\/"},{"@type":"ListItem","position":3,"name":"Grands \u00e9v\u00e8nements","item":"https:\/\/nyala.info\/fr\/offres-speciales-pour-vos-vacances\/grands-evenements\/"},{"@type":"ListItem","position":4,"name":"Carnaval sur la C\u00f4te d&#8217;Azur"}]},{"@type":"WebSite","@id":"https:\/\/nyala.info\/fr\/#website","url":"https:\/\/nyala.info\/fr\/","name":"Nyala Suite Hotel","description":"Hotel 4 \u00e9toiles \u00e0 San Remo","potentialAction":[{"@type":"SearchAction","target":{"@type":"EntryPoint","urlTemplate":"https:\/\/nyala.info\/fr\/?s={search_term_string}"},"query-input":{"@type":"PropertyValueSpecification","valueRequired":true,"valueName":"search_term_string"}}],"inLanguage":"fr-FR"}]}},"_links":{"self":[{"href":"https:\/\/nyala.info\/fr\/wp-json\/wp\/v2\/pages\/1902"}],"collection":[{"href":"https:\/\/nyala.info\/fr\/wp-json\/wp\/v2\/pages"}],"about":[{"href":"https:\/\/nyala.info\/fr\/wp-json\/wp\/v2\/types\/page"}],"author":[{"embeddable":true,"href":"https:\/\/nyala.info\/fr\/wp-json\/wp\/v2\/users\/3"}],"replies":[{"embeddable":true,"href":"https:\/\/nyala.info\/fr\/wp-json\/wp\/v2\/comments?post=1902"}],"version-history":[{"count":9,"href":"https:\/\/nyala.info\/fr\/wp-json\/wp\/v2\/pages\/1902\/revisions"}],"predecessor-version":[{"id":7484,"href":"https:\/\/nyala.info\/fr\/wp-json\/wp\/v2\/pages\/1902\/revisions\/7484"}],"up":[{"embeddable":true,"href":"https:\/\/nyala.info\/fr\/wp-json\/wp\/v2\/pages\/3305"}],"wp:featuredmedia":[{"embeddable":true,"href":"https:\/\/nyala.info\/fr\/wp-json\/wp\/v2\/media\/1084"}],"wp:attachment":[{"href":"https:\/\/nyala.info\/fr\/wp-json\/wp\/v2\/media?parent=1902"}],"curies":[{"name":"wp","href":"https:\/\/api.w.org\/{rel}","templated":true}]}}