{"id":2333,"date":"2016-11-03T20:13:31","date_gmt":"2016-11-03T19:13:31","guid":{"rendered":"http:\/\/www.nyalahotel.biz\/de\/?page_id=2333"},"modified":"2017-02-23T12:16:25","modified_gmt":"2017-02-23T11:16:25","slug":"konferenzraeume-veranda","status":"publish","type":"page","link":"https:\/\/nyala.info\/de\/konferenzen\/tagungsraeume-fuer-konferenzen\/konferenzraeume-veranda\/","title":{"rendered":"Konferenzr\u00e4ume VERANDA"},"content":{"rendered":"<h2>Konferenzr\u00e4ume VERANDA<\/h2>\n<p><strong>Das Nyala Suite Hotel San Remo bietet mehrere Veranstaltungsr\u00e4ume und Konferenzservices f\u00fcr Ihre gesch\u00e4ftlichen Zusammenk\u00fcnfte in San Remo in Ligurien<\/strong>.<\/p>\n<p>Die <strong>Veranda <\/strong>ist ein Raum mit nat\u00fcrlichem Licht und viel Platz, wo Sie eine Vielzahl von Veranstaltungen ausrichten k\u00f6nnen, von Treffen bis zu Ausstellungen mit St\u00e4nden, von Gesch\u00e4ftsessen bis hin zu Galaabenden.<\/p>\n<p>Verschiedenstes Equipment ist vorhanden, das folgende Formular beinhaltet alle Details. Jeder andere Service, den Sie w\u00fcnschen, ist auf Anfrage erh\u00e4ltlich.<\/p>\n<p>Kontaktieren Sie uns f\u00fcr mehr Informationen.<\/p>\n<h2>Konferenzr\u00e4ume Veranda<\/h2>\n<table border=\"0\" width=\"100%\" cellspacing=\"0\" cellpadding=\"0\">\n<tbody>\n<tr>\n<td valign=\"top\" width=\"50%\">\n<table border=\"0\" width=\"100%\" cellspacing=\"1\" cellpadding=\"5\">\n<tbody>\n<tr>\n<td colspan=\"3\" bgcolor=\"#CBE3EE\">\n<div align=\"center\">Eigenschaften<\/div>\n<\/td>\n<\/tr>\n<tr>\n<td bgcolor=\"#FFFFFF\" width=\"42\"><img loading=\"lazy\" decoding=\"async\" src=\"img\/icone_meeting\/meetin1.gif\" alt=\"Meeting\" width=\"41\" height=\"35\" \/><\/td>\n<td bgcolor=\"#BFC4DC\">Sunlight<\/td>\n<td bgcolor=\"#E1E4EB\">Ja<\/td>\n<\/tr>\n<tr>\n<td bgcolor=\"#FFFFFF\"><img loading=\"lazy\" decoding=\"async\" src=\"img\/icone_meeting\/meetin2.gif\" alt=\"Meeting\" width=\"42\" height=\"35\" \/><\/td>\n<td bgcolor=\"#BFC4DC\">Fl\u00e4che m\u00b2<\/td>\n<td bgcolor=\"#E1E4EB\">87,5<\/td>\n<\/tr>\n<tr>\n<td bgcolor=\"#FFFFFF\"><img loading=\"lazy\" decoding=\"async\" src=\"img\/icone_meeting\/meetin3.gif\" alt=\"Meeting\" width=\"42\" height=\"35\" \/><\/td>\n<td bgcolor=\"#BFC4DC\">Ma\u00dfe (m)<\/td>\n<td bgcolor=\"#E1E4EB\">19,5 x 4,5<\/td>\n<\/tr>\n<tr>\n<td bgcolor=\"#FFFFFF\"><img loading=\"lazy\" decoding=\"async\" src=\"img\/icone_meeting\/meetin4.gif\" alt=\"Meeting\" width=\"42\" height=\"35\" \/><\/td>\n<td bgcolor=\"#BFC4DC\">H\u00f6he (m)<\/td>\n<td bgcolor=\"#E1E4EB\">3<\/td>\n<\/tr>\n<tr>\n<td bgcolor=\"#FFFFFF\"><img loading=\"lazy\" decoding=\"async\" src=\"img\/icone_meeting\/meetin6.gif\" alt=\"Meeting\" width=\"41\" height=\"35\" \/><\/td>\n<td bgcolor=\"#BFC4DC\">Kapazit\u00e4t Theater<\/td>\n<td bgcolor=\"#E1E4EB\">100<\/td>\n<\/tr>\n<tr>\n<td bgcolor=\"#FFFFFF\"><img loading=\"lazy\" decoding=\"async\" src=\"img\/icone_meeting\/meetin5.gif\" alt=\"Meeting\" width=\"42\" height=\"35\" \/><\/td>\n<td bgcolor=\"#BFC4DC\">Klassenr\u00e4ume<\/td>\n<td bgcolor=\"#E1E4EB\">60<\/td>\n<\/tr>\n<tr>\n<td bgcolor=\"#FFFFFF\"><img loading=\"lazy\" decoding=\"async\" src=\"img\/icone_meeting\/meetin7.gif\" alt=\"Meeting\" width=\"42\" height=\"35\" \/><\/td>\n<td bgcolor=\"#BFC4DC\">Schr\u00e4g Stellung<\/td>\n<td bgcolor=\"#E1E4EB\">60<\/td>\n<\/tr>\n<tr>\n<td bgcolor=\"#FFFFFF\"><img loading=\"lazy\" decoding=\"async\" src=\"img\/icone_meeting\/meetin8.gif\" alt=\"Meeting\" width=\"42\" height=\"35\" \/><\/td>\n<td bgcolor=\"#BFC4DC\">U Aufstellung<\/td>\n<td bgcolor=\"#E1E4EB\">&#8211;<\/td>\n<\/tr>\n<tr>\n<td bgcolor=\"#FFFFFF\"><img loading=\"lazy\" decoding=\"async\" src=\"img\/icone_meeting\/meetin9.gif\" alt=\"Meeting\" width=\"42\" height=\"35\" \/><\/td>\n<td bgcolor=\"#BFC4DC\">Round Table<\/td>\n<td bgcolor=\"#E1E4EB\">&#8211;<\/td>\n<\/tr>\n<tr>\n<td bgcolor=\"#FFFFFF\"><img loading=\"lazy\" decoding=\"async\" src=\"img\/icone_meeting\/meetin10.gif\" alt=\"Meeting\" width=\"42\" height=\"35\" \/><\/td>\n<td bgcolor=\"#BFC4DC\">Exhibitions Stand 2,5 x 3<\/td>\n<td bgcolor=\"#E1E4EB\">6<\/td>\n<\/tr>\n<tr>\n<td bgcolor=\"#FFFFFF\"><img loading=\"lazy\" decoding=\"async\" src=\"img\/icone_meeting\/meetin11.gif\" alt=\"Meeting\" width=\"42\" height=\"35\" \/><\/td>\n<td bgcolor=\"#BFC4DC\">Banquets<\/td>\n<td bgcolor=\"#E1E4EB\">80<\/td>\n<\/tr>\n<tr>\n<td bgcolor=\"#FFFFFF\"><img loading=\"lazy\" decoding=\"async\" src=\"img\/icone_meeting\/meetin12.gif\" alt=\"Meeting\" width=\"42\" height=\"35\" \/><\/td>\n<td bgcolor=\"#BFC4DC\">Receptions<\/td>\n<td bgcolor=\"#E1E4EB\">100<\/td>\n<\/tr>\n<\/tbody>\n<\/table>\n<\/td>\n<td valign=\"top\" width=\"50%\">\n<table border=\"0\" width=\"100%\" cellspacing=\"1\" cellpadding=\"5\">\n<tbody>\n<tr>\n<td colspan=\"2\" bgcolor=\"#CBE3EE\">\n<div align=\"center\">Services<\/div>\n<\/td>\n<\/tr>\n<tr>\n<td bgcolor=\"#BFC4DC\">Klimaanlage<\/td>\n<td bgcolor=\"#E1E4EB\">Ja<\/td>\n<\/tr>\n<tr>\n<td bgcolor=\"#BFC4DC\">\u00a0TV + Video-Rekorder<\/td>\n<td bgcolor=\"#E1E4EB\">Ja<\/td>\n<\/tr>\n<tr>\n<td bgcolor=\"#BFC4DC\">\u00a0Dia- Projektor<\/td>\n<td bgcolor=\"#E1E4EB\">&#8211;<\/td>\n<\/tr>\n<tr>\n<td bgcolor=\"#BFC4DC\">LCD Video-Projektor<\/td>\n<td bgcolor=\"#E1E4EB\">&#8211;<\/td>\n<\/tr>\n<tr>\n<td bgcolor=\"#BFC4DC\">Microphone<\/td>\n<td bgcolor=\"#E1E4EB\">&#8211;<\/td>\n<\/tr>\n<tr>\n<td bgcolor=\"#BFC4DC\">HDSL line 2 Mbit\/s<\/td>\n<td bgcolor=\"#E1E4EB\">&#8211;<\/td>\n<\/tr>\n<tr>\n<td bgcolor=\"#BFC4DC\">WI-FI connection<\/td>\n<td bgcolor=\"#E1E4EB\">&#8211;<\/td>\n<\/tr>\n<tr>\n<td colspan=\"2\" bgcolor=\"#CBE3EE\">\n<div align=\"center\">B\u00fcromaschinen Services<\/div>\n<\/td>\n<\/tr>\n<tr>\n<td bgcolor=\"#BFC4DC\">Telefax<\/td>\n<td bgcolor=\"#E1E4EB\">Ja<\/td>\n<\/tr>\n<tr>\n<td bgcolor=\"#BFC4DC\">\u00a0Fotokopierer<\/td>\n<td bgcolor=\"#E1E4EB\">Ja<\/td>\n<\/tr>\n<tr>\n<td bgcolor=\"#BFC4DC\">Word Processing<\/td>\n<td bgcolor=\"#E1E4EB\">Ja<\/td>\n<\/tr>\n<tr>\n<td bgcolor=\"#BFC4DC\">Analog Modems<\/td>\n<td bgcolor=\"#E1E4EB\">Ja<\/td>\n<\/tr>\n<tr>\n<td bgcolor=\"#BFC4DC\">\u00a0Segret\u00e4rinnen Service<\/td>\n<td bgcolor=\"#E1E4EB\">Nach anfrage<\/td>\n<\/tr>\n<tr>\n<td bgcolor=\"#BFC4DC\">\u00dcbersetzer<\/td>\n<td bgcolor=\"#E1E4EB\">Nach anfrage<\/td>\n<\/tr>\n<\/tbody>\n<\/table>\n<\/td>\n<\/tr>\n<\/tbody>\n<\/table>\n","protected":false},"excerpt":{"rendered":"<p>Konferenzr\u00e4ume VERANDA Das Nyala Suite Hotel San Remo bietet mehrere Veranstaltungsr\u00e4ume und Konferenzservices f\u00fcr Ihre gesch\u00e4ftlichen Zusammenk\u00fcnfte in San Remo in Ligurien. Die Veranda ist ein Raum mit nat\u00fcrlichem Licht und viel Platz, wo Sie eine Vielzahl von Veranstaltungen ausrichten k\u00f6nnen, von Treffen bis zu Ausstellungen mit St\u00e4nden, von Gesch\u00e4ftsessen bis hin zu Galaabenden. Verschiedenstes [&hellip;]<\/p>\n","protected":false},"author":3,"featured_media":1059,"parent":3591,"menu_order":23,"comment_status":"open","ping_status":"closed","template":"","meta":{"_acf_changed":false,"footnotes":""},"class_list":["post-2333","page","type-page","status-publish","has-post-thumbnail","hentry"],"acf":[],"yoast_head":"<!-- This site is optimized with the Yoast SEO plugin v25.6 - https:\/\/yoast.com\/wordpress\/plugins\/seo\/ -->\n<title>Konferenzr\u00e4ume VERANDA | Nyala Suite Hotel 4-Sterne-Hotel in San Remo<\/title>\n<meta name=\"robots\" content=\"noindex, follow, max-snippet:-1, max-image-preview:large, max-video-preview:-1\" \/>\n<meta property=\"og:locale\" content=\"de_DE\" \/>\n<meta property=\"og:type\" content=\"article\" \/>\n<meta property=\"og:title\" content=\"Konferenzr\u00e4ume VERANDA | Nyala Suite Hotel 4-Sterne-Hotel in San Remo\" \/>\n<meta property=\"og:description\" content=\"Konferenzr\u00e4ume VERANDA Das Nyala Suite Hotel San Remo bietet mehrere Veranstaltungsr\u00e4ume und Konferenzservices f\u00fcr Ihre gesch\u00e4ftlichen Zusammenk\u00fcnfte in San Remo in Ligurien. Die Veranda ist ein Raum mit nat\u00fcrlichem Licht und viel Platz, wo Sie eine Vielzahl von Veranstaltungen ausrichten k\u00f6nnen, von Treffen bis zu Ausstellungen mit St\u00e4nden, von Gesch\u00e4ftsessen bis hin zu Galaabenden. Verschiedenstes [&hellip;]\" \/>\n<meta property=\"og:url\" content=\"https:\/\/nyala.info\/de\/konferenzen\/tagungsraeume-fuer-konferenzen\/konferenzraeume-veranda\/\" \/>\n<meta property=\"og:site_name\" content=\"Nyala Suite Hotel\" \/>\n<meta property=\"article:modified_time\" content=\"2017-02-23T11:16:25+00:00\" \/>\n<meta property=\"og:image\" content=\"https:\/\/nyala.info\/wp-content\/uploads\/2015\/04\/conferenze4.jpg\" \/>\n\t<meta property=\"og:image:width\" content=\"708\" \/>\n\t<meta property=\"og:image:height\" content=\"472\" \/>\n\t<meta property=\"og:image:type\" content=\"image\/jpeg\" \/>\n<meta name=\"twitter:card\" content=\"summary_large_image\" \/>\n<meta name=\"twitter:label1\" content=\"Est. reading time\" \/>\n\t<meta name=\"twitter:data1\" content=\"1 minute\" \/>\n<script type=\"application\/ld+json\" class=\"yoast-schema-graph\">{\"@context\":\"https:\/\/schema.org\",\"@graph\":[{\"@type\":\"WebPage\",\"@id\":\"https:\/\/nyala.info\/de\/konferenzen\/tagungsraeume-fuer-konferenzen\/konferenzraeume-veranda\/\",\"url\":\"https:\/\/nyala.info\/de\/konferenzen\/tagungsraeume-fuer-konferenzen\/konferenzraeume-veranda\/\",\"name\":\"Konferenzr\u00e4ume VERANDA | Nyala Suite Hotel 4-Sterne-Hotel in San Remo\",\"isPartOf\":{\"@id\":\"https:\/\/nyala.info\/de\/#website\"},\"primaryImageOfPage\":{\"@id\":\"https:\/\/nyala.info\/de\/konferenzen\/tagungsraeume-fuer-konferenzen\/konferenzraeume-veranda\/#primaryimage\"},\"image\":{\"@id\":\"https:\/\/nyala.info\/de\/konferenzen\/tagungsraeume-fuer-konferenzen\/konferenzraeume-veranda\/#primaryimage\"},\"thumbnailUrl\":\"https:\/\/nyala.info\/wp-content\/uploads\/2015\/04\/conferenze4.jpg\",\"datePublished\":\"2016-11-03T19:13:31+00:00\",\"dateModified\":\"2017-02-23T11:16:25+00:00\",\"breadcrumb\":{\"@id\":\"https:\/\/nyala.info\/de\/konferenzen\/tagungsraeume-fuer-konferenzen\/konferenzraeume-veranda\/#breadcrumb\"},\"inLanguage\":\"de-DE\",\"potentialAction\":[{\"@type\":\"ReadAction\",\"target\":[\"https:\/\/nyala.info\/de\/konferenzen\/tagungsraeume-fuer-konferenzen\/konferenzraeume-veranda\/\"]}]},{\"@type\":\"ImageObject\",\"inLanguage\":\"de-DE\",\"@id\":\"https:\/\/nyala.info\/de\/konferenzen\/tagungsraeume-fuer-konferenzen\/konferenzraeume-veranda\/#primaryimage\",\"url\":\"https:\/\/nyala.info\/wp-content\/uploads\/2015\/04\/conferenze4.jpg\",\"contentUrl\":\"https:\/\/nyala.info\/wp-content\/uploads\/2015\/04\/conferenze4.jpg\",\"width\":708,\"height\":472,\"caption\":\"veranda\"},{\"@type\":\"BreadcrumbList\",\"@id\":\"https:\/\/nyala.info\/de\/konferenzen\/tagungsraeume-fuer-konferenzen\/konferenzraeume-veranda\/#breadcrumb\",\"itemListElement\":[{\"@type\":\"ListItem\",\"position\":1,\"name\":\"Home\",\"item\":\"https:\/\/nyala.info\/de\/\"},{\"@type\":\"ListItem\",\"position\":2,\"name\":\"Meetings\",\"item\":\"https:\/\/nyala.info\/de\/konferenzen\/\"},{\"@type\":\"ListItem\",\"position\":3,\"name\":\"Tagungsr\u00e4ume f\u00fcr Konferenzen\",\"item\":\"https:\/\/nyala.info\/de\/konferenzen\/tagungsraeume-fuer-konferenzen\/\"},{\"@type\":\"ListItem\",\"position\":4,\"name\":\"Konferenzr\u00e4ume VERANDA\"}]},{\"@type\":\"WebSite\",\"@id\":\"https:\/\/nyala.info\/de\/#website\",\"url\":\"https:\/\/nyala.info\/de\/\",\"name\":\"Nyala Suite Hotel\",\"description\":\"4-Sterne-Hotel in San Remo\",\"potentialAction\":[{\"@type\":\"SearchAction\",\"target\":{\"@type\":\"EntryPoint\",\"urlTemplate\":\"https:\/\/nyala.info\/de\/?s={search_term_string}\"},\"query-input\":{\"@type\":\"PropertyValueSpecification\",\"valueRequired\":true,\"valueName\":\"search_term_string\"}}],\"inLanguage\":\"de-DE\"}]}<\/script>\n<!-- \/ Yoast SEO plugin. -->","yoast_head_json":{"title":"Konferenzr\u00e4ume VERANDA | Nyala Suite Hotel 4-Sterne-Hotel in San Remo","robots":{"index":"noindex","follow":"follow","max-snippet":"max-snippet:-1","max-image-preview":"max-image-preview:large","max-video-preview":"max-video-preview:-1"},"og_locale":"de_DE","og_type":"article","og_title":"Konferenzr\u00e4ume VERANDA | Nyala Suite Hotel 4-Sterne-Hotel in San Remo","og_description":"Konferenzr\u00e4ume VERANDA Das Nyala Suite Hotel San Remo bietet mehrere Veranstaltungsr\u00e4ume und Konferenzservices f\u00fcr Ihre gesch\u00e4ftlichen Zusammenk\u00fcnfte in San Remo in Ligurien. Die Veranda ist ein Raum mit nat\u00fcrlichem Licht und viel Platz, wo Sie eine Vielzahl von Veranstaltungen ausrichten k\u00f6nnen, von Treffen bis zu Ausstellungen mit St\u00e4nden, von Gesch\u00e4ftsessen bis hin zu Galaabenden. Verschiedenstes [&hellip;]","og_url":"https:\/\/nyala.info\/de\/konferenzen\/tagungsraeume-fuer-konferenzen\/konferenzraeume-veranda\/","og_site_name":"Nyala Suite Hotel","article_modified_time":"2017-02-23T11:16:25+00:00","og_image":[{"width":708,"height":472,"url":"https:\/\/nyala.info\/wp-content\/uploads\/2015\/04\/conferenze4.jpg","type":"image\/jpeg"}],"twitter_card":"summary_large_image","twitter_misc":{"Est. reading time":"1 minute"},"schema":{"@context":"https:\/\/schema.org","@graph":[{"@type":"WebPage","@id":"https:\/\/nyala.info\/de\/konferenzen\/tagungsraeume-fuer-konferenzen\/konferenzraeume-veranda\/","url":"https:\/\/nyala.info\/de\/konferenzen\/tagungsraeume-fuer-konferenzen\/konferenzraeume-veranda\/","name":"Konferenzr\u00e4ume VERANDA | Nyala Suite Hotel 4-Sterne-Hotel in San Remo","isPartOf":{"@id":"https:\/\/nyala.info\/de\/#website"},"primaryImageOfPage":{"@id":"https:\/\/nyala.info\/de\/konferenzen\/tagungsraeume-fuer-konferenzen\/konferenzraeume-veranda\/#primaryimage"},"image":{"@id":"https:\/\/nyala.info\/de\/konferenzen\/tagungsraeume-fuer-konferenzen\/konferenzraeume-veranda\/#primaryimage"},"thumbnailUrl":"https:\/\/nyala.info\/wp-content\/uploads\/2015\/04\/conferenze4.jpg","datePublished":"2016-11-03T19:13:31+00:00","dateModified":"2017-02-23T11:16:25+00:00","breadcrumb":{"@id":"https:\/\/nyala.info\/de\/konferenzen\/tagungsraeume-fuer-konferenzen\/konferenzraeume-veranda\/#breadcrumb"},"inLanguage":"de-DE","potentialAction":[{"@type":"ReadAction","target":["https:\/\/nyala.info\/de\/konferenzen\/tagungsraeume-fuer-konferenzen\/konferenzraeume-veranda\/"]}]},{"@type":"ImageObject","inLanguage":"de-DE","@id":"https:\/\/nyala.info\/de\/konferenzen\/tagungsraeume-fuer-konferenzen\/konferenzraeume-veranda\/#primaryimage","url":"https:\/\/nyala.info\/wp-content\/uploads\/2015\/04\/conferenze4.jpg","contentUrl":"https:\/\/nyala.info\/wp-content\/uploads\/2015\/04\/conferenze4.jpg","width":708,"height":472,"caption":"veranda"},{"@type":"BreadcrumbList","@id":"https:\/\/nyala.info\/de\/konferenzen\/tagungsraeume-fuer-konferenzen\/konferenzraeume-veranda\/#breadcrumb","itemListElement":[{"@type":"ListItem","position":1,"name":"Home","item":"https:\/\/nyala.info\/de\/"},{"@type":"ListItem","position":2,"name":"Meetings","item":"https:\/\/nyala.info\/de\/konferenzen\/"},{"@type":"ListItem","position":3,"name":"Tagungsr\u00e4ume f\u00fcr Konferenzen","item":"https:\/\/nyala.info\/de\/konferenzen\/tagungsraeume-fuer-konferenzen\/"},{"@type":"ListItem","position":4,"name":"Konferenzr\u00e4ume VERANDA"}]},{"@type":"WebSite","@id":"https:\/\/nyala.info\/de\/#website","url":"https:\/\/nyala.info\/de\/","name":"Nyala Suite Hotel","description":"4-Sterne-Hotel in San Remo","potentialAction":[{"@type":"SearchAction","target":{"@type":"EntryPoint","urlTemplate":"https:\/\/nyala.info\/de\/?s={search_term_string}"},"query-input":{"@type":"PropertyValueSpecification","valueRequired":true,"valueName":"search_term_string"}}],"inLanguage":"de-DE"}]}},"_links":{"self":[{"href":"https:\/\/nyala.info\/de\/wp-json\/wp\/v2\/pages\/2333"}],"collection":[{"href":"https:\/\/nyala.info\/de\/wp-json\/wp\/v2\/pages"}],"about":[{"href":"https:\/\/nyala.info\/de\/wp-json\/wp\/v2\/types\/page"}],"author":[{"embeddable":true,"href":"https:\/\/nyala.info\/de\/wp-json\/wp\/v2\/users\/3"}],"replies":[{"embeddable":true,"href":"https:\/\/nyala.info\/de\/wp-json\/wp\/v2\/comments?post=2333"}],"version-history":[{"count":4,"href":"https:\/\/nyala.info\/de\/wp-json\/wp\/v2\/pages\/2333\/revisions"}],"predecessor-version":[{"id":3604,"href":"https:\/\/nyala.info\/de\/wp-json\/wp\/v2\/pages\/2333\/revisions\/3604"}],"up":[{"embeddable":true,"href":"https:\/\/nyala.info\/de\/wp-json\/wp\/v2\/pages\/3591"}],"wp:featuredmedia":[{"embeddable":true,"href":"https:\/\/nyala.info\/de\/wp-json\/wp\/v2\/media\/1059"}],"wp:attachment":[{"href":"https:\/\/nyala.info\/de\/wp-json\/wp\/v2\/media?parent=2333"}],"curies":[{"name":"wp","href":"https:\/\/api.w.org\/{rel}","templated":true}]}}